{"id":82188,"date":"2023-12-14T09:50:27","date_gmt":"2023-12-14T08:50:27","guid":{"rendered":"https:\/\/www.bilbaodendak.eus\/filtrado-rutas-y-planes\/compras-con-mucho-sabor\/"},"modified":"2025-03-20T12:06:01","modified_gmt":"2025-03-20T11:06:01","slug":"compras-con-mucho-sabor","status":"publish","type":"rutas-y-planes","link":"https:\/\/www.bilbaodendak.eus\/fr\/filtrado-rutas-y-planes\/compras-con-mucho-sabor\/","title":{"rendered":"Des emplettes riches en\u00a0saveurs"},"content":{"rendered":"\n<h2 class=\"wp-block-heading\" style=\"font-size:25px;font-style:normal;font-weight:700\">Du shopping gastronomique plein de saveurs<\/h2>\n\n\n\n<p>Aujourd\u2019hui, nous vous invitons \u00e0 nous suivre dans un itin\u00e9raire de&nbsp;<em>shopping gastronomique<\/em>.<\/p>\n\n\n\n<p>Nous visiterons des march\u00e9s, de petites boutiques et des \u00e9piceries fines qui r\u00e9unissent tradition et qualit\u00e9. Nous vous ferons d\u00e9couvrir des p\u00e2tisseries centenaires et d\u2019autres, r\u00e9cemment ouvertes, dont les cr\u00e9ations aussi originales que savoureuses ne manqueront pas de vous surprendre. Nous irons voir des traiteurs, d\u00e9couvrirons les meilleurs produits et les sp\u00e9cialit\u00e9s qu\u2019il est indispensable de go\u00fbter.&nbsp;En fin compte, nous vous proposons un itin\u00e9raire all\u00e9chant et savoureux, adapt\u00e9 \u00e0 tous les publics, y compris les n\u00e9ophytes et les touristes en qu\u00eate de produits typiquement basques d\u00e9sireux de rapporter des&nbsp;<em>souvenirs<\/em>&nbsp;gastronomiques.<\/p>\n\n\n\n<p class=\"has-medium-font-size\"><strong><mark style=\"background-color:rgba(0, 0, 0, 0)\" class=\"has-inline-color has-vivid-red-color\">LE MEILLEUR DU MARCH\u00c9<\/mark><\/strong><\/p>\n\n\n\n<div class=\"wp-block-media-text alignwide is-stacked-on-mobile\"><figure class=\"wp-block-media-text__media\"><img fetchpriority=\"high\" decoding=\"async\" width=\"1024\" height=\"672\" src=\"https:\/\/www.bilbaodendak.eus\/wp-content\/uploads\/2021\/03\/mercado_ribera-1024x672.png\" alt=\"De compras por el Mercado de la Ribera\" class=\"wp-image-29813 size-full\" srcset=\"https:\/\/www.bilbaodendak.eus\/wp-content\/uploads\/2021\/03\/mercado_ribera-1024x672.png 1024w, https:\/\/www.bilbaodendak.eus\/wp-content\/uploads\/2021\/03\/mercado_ribera-300x197.png 300w, https:\/\/www.bilbaodendak.eus\/wp-content\/uploads\/2021\/03\/mercado_ribera-768x504.png 768w, https:\/\/www.bilbaodendak.eus\/wp-content\/uploads\/2021\/03\/mercado_ribera.png 1200w\" sizes=\"(max-width: 1024px) 100vw, 1024px\" \/><\/figure><div class=\"wp-block-media-text__content\">\n<p><strong>Mercado de La Ribera (<em>Erribera, s\/n<\/em>)<\/strong><\/p>\n\n\n\n<p>C\u2019est le grand march\u00e9 central de Bilbao. Celui qu&#8217;on appelle famili\u00e8rement \u00ab&nbsp;la plaza&nbsp;\u00bb. C\u2019est le lieu de rencontre des habitants, des chefs et des gastronomes qui viennent y chercher les meilleurs produits pour approvisionner leurs cuisines. Une petite promenade entre ses \u00e9tals r\u00e9jouit la vue, l\u2019odorat et les papilles&nbsp;: c\u2019est une v\u00e9ritable f\u00eate pour tous les sens. <strong>En 1990, le Guiness Book lui a d\u00e9cern\u00e9 le titre de March\u00e9 municipal le mieux approvisionn\u00e9.<\/strong> Il est vrai que c\u2019\u00e9tait le plus grand march\u00e9 couvert d\u2019Europe. Sa visite est aujourd\u2019hui incontournable pour les touristes qui veulent d\u00e9couvrir la ville dans tout ce qu\u2019elle a de plus authentique. Le <a href=\"https:\/\/mercadodelaribera.biz\" target=\"_blank\" rel=\"noreferrer noopener nofollow\">March\u00e9 de la Ribera<\/a> est le deuxi\u00e8me b\u00e2timent le plus visit\u00e9 de la ville apr\u00e8s le mus\u00e9e Guggenheim.<\/p>\n<\/div><\/div>\n\n\n\n<div style=\"height:18px\" aria-hidden=\"true\" class=\"wp-block-spacer\"><\/div>\n\n\n\n<p class=\"has-medium-font-size\"><strong><mark style=\"background-color: rgba(0, 0, 0, 0);\" class=\"has-inline-color has-vivid-red-color\">\u00c9PICERIES FINES, TRAITEURS ET PRODUITS LOCAUX<\/mark><\/strong><\/p>\n\n\n\n<div class=\"wp-block-media-text alignwide is-stacked-on-mobile\"><figure class=\"wp-block-media-text__media\"><img decoding=\"async\" width=\"1024\" height=\"580\" src=\"https:\/\/www.bilbaodendak.eus\/wp-content\/uploads\/2020\/12\/6686-Basquery-Tabla-Cervezas-1024x580.jpg\" alt=\"BASQUERY\" class=\"wp-image-35895 size-full\" srcset=\"https:\/\/www.bilbaodendak.eus\/wp-content\/uploads\/2020\/12\/6686-Basquery-Tabla-Cervezas-1024x580.jpg 1024w, https:\/\/www.bilbaodendak.eus\/wp-content\/uploads\/2020\/12\/6686-Basquery-Tabla-Cervezas-300x170.jpg 300w, https:\/\/www.bilbaodendak.eus\/wp-content\/uploads\/2020\/12\/6686-Basquery-Tabla-Cervezas-768x435.jpg 768w, https:\/\/www.bilbaodendak.eus\/wp-content\/uploads\/2020\/12\/6686-Basquery-Tabla-Cervezas-1536x870.jpg 1536w, https:\/\/www.bilbaodendak.eus\/wp-content\/uploads\/2020\/12\/6686-Basquery-Tabla-Cervezas.jpg 1766w\" sizes=\"(max-width: 1024px) 100vw, 1024px\" \/><\/figure><div class=\"wp-block-media-text__content\">\n<p><strong>Basquery (<em>Iba\u00f1ez De Bilbao, 8<\/em>)<\/strong><\/p>\n\n\n\n<p>Un fournil pour faire de pain au levain, une brasserie qui produit de la bi\u00e8re artisanale, et une boutique o\u00f9 les <strong>sp\u00e9cialit\u00e9s basques voisinent<\/strong> avec l\u2019\u00e9picerie fine&nbsp;:&nbsp;tel est le trio gagnant de <a href=\"https:\/\/www.basquery.com\" target=\"_blank\" rel=\"noreferrer noopener nofollow\">Basquery<\/a>. Mais il y a aussi un bar \u00e0 bi\u00e8re et un restaurant o\u00f9 l&#8217;on sert une cuisine saine et cosmopolite, \u00e0 la saveur indiscutablement locale, dans une ambiance agr\u00e9able et informelle. Leurs petits-d\u00e9jeuners sont m\u00e9morables.<\/p>\n<\/div><\/div>\n\n\n\n<div style=\"height:16px\" aria-hidden=\"true\" class=\"wp-block-spacer\"><\/div>\n\n\n\n<div class=\"wp-block-media-text alignwide is-stacked-on-mobile\"><figure class=\"wp-block-media-text__media\"><img decoding=\"async\" width=\"1024\" height=\"683\" src=\"https:\/\/www.bilbaodendak.eus\/wp-content\/uploads\/2021\/01\/6725-la-oka-04-1024x683.jpg\" alt=\"\" class=\"wp-image-17055 size-full\" srcset=\"https:\/\/www.bilbaodendak.eus\/wp-content\/uploads\/2021\/01\/6725-la-oka-04-1024x683.jpg 1024w, https:\/\/www.bilbaodendak.eus\/wp-content\/uploads\/2021\/01\/6725-la-oka-04-300x200.jpg 300w, https:\/\/www.bilbaodendak.eus\/wp-content\/uploads\/2021\/01\/6725-la-oka-04-768x512.jpg 768w, https:\/\/www.bilbaodendak.eus\/wp-content\/uploads\/2021\/01\/6725-la-oka-04.jpg 1500w\" sizes=\"(max-width: 1024px) 100vw, 1024px\" \/><\/figure><div class=\"wp-block-media-text__content\">\n<p><strong>La Oka (<em>Marqu\u00e9s del Puerto, 1<\/em>)<\/strong><\/p>\n\n\n\n<p>Les artisans de la viande. <a href=\"https:\/\/www.laoka.es\" target=\"_blank\" rel=\"noreferrer noopener nofollow\">La Oka<\/a> vous propose de la charcuterie fine, une s\u00e9lection de <strong>7000&nbsp;r\u00e9f\u00e9rences gourmet<\/strong>, ainsi que des plats pr\u00e9par\u00e9s de fa\u00e7on artisanale, selon des recettes traditionnelles, et avec les meilleurs ingr\u00e9dients. Une petite d\u00e9gustation au bar gastronomique attenant \u00e0 la boutique vous donnera un aper\u00e7u des d\u00e9lices de la maison.<\/p>\n<\/div><\/div>\n\n\n\n<div style=\"height:14px\" aria-hidden=\"true\" class=\"wp-block-spacer\"><\/div>\n\n\n\n<div class=\"wp-block-media-text alignwide is-stacked-on-mobile\"><figure class=\"wp-block-media-text__media\"><img loading=\"lazy\" decoding=\"async\" width=\"621\" height=\"472\" src=\"https:\/\/www.bilbaodendak.eus\/wp-content\/uploads\/2020\/12\/7.-Lopez-Oleaga.jpg\" alt=\"\" class=\"wp-image-11390 size-full\" srcset=\"https:\/\/www.bilbaodendak.eus\/wp-content\/uploads\/2020\/12\/7.-Lopez-Oleaga.jpg 621w, https:\/\/www.bilbaodendak.eus\/wp-content\/uploads\/2020\/12\/7.-Lopez-Oleaga-300x228.jpg 300w\" sizes=\"(max-width: 621px) 100vw, 621px\" \/><\/figure><div class=\"wp-block-media-text__content\">\n<p><strong>L\u00f3pez Oleaga (<em>Astarloa, 3<\/em>)<\/strong><\/p>\n\n\n\n<p>Sp\u00e9cialistes des vins, liqueurs, et des produits typiquement basques depuis 1904. C\u2019est une visite incontournable pour les n\u00e9ophytes et les personnes qui appr\u00e9cient l\u2019authenticit\u00e9 et l\u2019atmosph\u00e8re surann\u00e9e des boutiques traditionnelles. D\u00e8s l\u2019entr\u00e9e, on est agr\u00e9ablement surpris par l\u2019odeur de cacahu\u00e8te grill\u00e9e et la disposition soign\u00e9e des vitrines. Au plafond, on peut voir une peinture \u00e0 l\u2019huile&nbsp;: une nature morte repr\u00e9sentant un jambon et une bouteille de liqueur. Elle a \u00e9t\u00e9 peinte en 1910.<\/p>\n<\/div><\/div>\n\n\n\n<div style=\"height:9px\" aria-hidden=\"true\" class=\"wp-block-spacer\"><\/div>\n\n\n\n<div class=\"wp-block-media-text alignwide is-stacked-on-mobile\"><figure class=\"wp-block-media-text__media\"><img loading=\"lazy\" decoding=\"async\" width=\"1024\" height=\"683\" src=\"https:\/\/www.bilbaodendak.eus\/wp-content\/uploads\/2020\/12\/7191-ultramarinos-gregorio-martin-01-1024x683.jpg\" alt=\"\" class=\"wp-image-16635 size-full\" srcset=\"https:\/\/www.bilbaodendak.eus\/wp-content\/uploads\/2020\/12\/7191-ultramarinos-gregorio-martin-01-1024x683.jpg 1024w, https:\/\/www.bilbaodendak.eus\/wp-content\/uploads\/2020\/12\/7191-ultramarinos-gregorio-martin-01-300x200.jpg 300w, https:\/\/www.bilbaodendak.eus\/wp-content\/uploads\/2020\/12\/7191-ultramarinos-gregorio-martin-01-768x512.jpg 768w, https:\/\/www.bilbaodendak.eus\/wp-content\/uploads\/2020\/12\/7191-ultramarinos-gregorio-martin-01.jpg 1500w\" sizes=\"(max-width: 1024px) 100vw, 1024px\" \/><\/figure><div class=\"wp-block-media-text__content\">\n<p><strong>Ultramarinos Gregorio Mart\u00edn (<em>Artekale, 22<\/em>)<\/strong><\/p>\n\n\n\n<p>En plein c\u0153ur du quartier historique se cache une autre boutique qui n\u2019a rien d\u2019ordinaire. Cet \u00e9tablissement o\u00f9 tout respire la tradition et la qualit\u00e9 est sp\u00e9cialis\u00e9 dans la morue et l\u2019\u00e9picerie fine. L\u2019enseigne qui orne la fa\u00e7ade de la boutique depuis sa cr\u00e9ation est l\u00e0 pour le rappeler. On y trouve \u00e9galement des l\u00e9gumes, du fromage, des charcuteries, du vin, des condiments, des chocolats&#8230; rien que des produits raffin\u00e9s et de tr\u00e8s grande qualit\u00e9.<\/p>\n<\/div><\/div>\n\n\n\n<div style=\"height:10px\" aria-hidden=\"true\" class=\"wp-block-spacer\"><\/div>\n\n\n\n<div class=\"wp-block-media-text alignwide is-stacked-on-mobile\"><figure class=\"wp-block-media-text__media\"><img loading=\"lazy\" decoding=\"async\" width=\"1024\" height=\"683\" src=\"https:\/\/www.bilbaodendak.eus\/wp-content\/uploads\/2021\/01\/3816-ultramarinos-romana-04-1024x683.jpg\" alt=\"\" class=\"wp-image-17355 size-full\" srcset=\"https:\/\/www.bilbaodendak.eus\/wp-content\/uploads\/2021\/01\/3816-ultramarinos-romana-04-1024x683.jpg 1024w, https:\/\/www.bilbaodendak.eus\/wp-content\/uploads\/2021\/01\/3816-ultramarinos-romana-04-300x200.jpg 300w, https:\/\/www.bilbaodendak.eus\/wp-content\/uploads\/2021\/01\/3816-ultramarinos-romana-04-768x512.jpg 768w, https:\/\/www.bilbaodendak.eus\/wp-content\/uploads\/2021\/01\/3816-ultramarinos-romana-04.jpg 1500w\" sizes=\"(max-width: 1024px) 100vw, 1024px\" \/><\/figure><div class=\"wp-block-media-text__content\">\n<p><strong>Ultramarinos Roma\u00f1a (<em>San Francisco, 24<\/em>)<\/strong><\/p>\n\n\n\n<p>Les l\u00e9gumes en vrac sont les stars incontest\u00e9es de ce commerce. Des sacs et des sacs de haricots, de lentilles, de pois chiches, de f\u00e8ves&#8230; de diff\u00e9rentes vari\u00e9t\u00e9s et de diff\u00e9rentes provenances, \u00e9coss\u00e9s ou non&#8230; ont pris possession de cette boutique ouverte en 1945. <strong>Le paradis des amateurs de l\u00e9gumes secs<\/strong>. Et les meilleures conserves de poissons et de l\u00e9gumes verts se disputent la vedette sur les \u00e9tag\u00e8res.<\/p>\n<\/div><\/div>\n\n\n\n<div style=\"height:10px\" aria-hidden=\"true\" class=\"wp-block-spacer\"><\/div>\n\n\n\n<p class=\"has-medium-font-size\"><strong><mark style=\"background-color: rgba(0, 0, 0, 0);\" class=\"has-inline-color has-vivid-red-color\"><strong>BOUTIQUES SP\u00c9CIALIS\u00c9ES<\/strong><\/mark><\/strong><\/p>\n\n\n\n<div class=\"wp-block-media-text alignwide is-stacked-on-mobile\"><figure class=\"wp-block-media-text__media\"><img loading=\"lazy\" decoding=\"async\" width=\"1024\" height=\"683\" src=\"https:\/\/www.bilbaodendak.eus\/wp-content\/uploads\/2020\/12\/3960-LautxoCV-4-1024x683.jpg\" alt=\"Lautxo, croquetas y comida casera en Bilbao\" class=\"wp-image-41701 size-full\" srcset=\"https:\/\/www.bilbaodendak.eus\/wp-content\/uploads\/2020\/12\/3960-LautxoCV-4-1024x683.jpg 1024w, https:\/\/www.bilbaodendak.eus\/wp-content\/uploads\/2020\/12\/3960-LautxoCV-4-300x200.jpg 300w, https:\/\/www.bilbaodendak.eus\/wp-content\/uploads\/2020\/12\/3960-LautxoCV-4-768x512.jpg 768w, https:\/\/www.bilbaodendak.eus\/wp-content\/uploads\/2020\/12\/3960-LautxoCV-4-1536x1024.jpg 1536w, https:\/\/www.bilbaodendak.eus\/wp-content\/uploads\/2020\/12\/3960-LautxoCV-4-2048x1365.jpg 2048w, https:\/\/www.bilbaodendak.eus\/wp-content\/uploads\/2020\/12\/3960-LautxoCV-4.jpg 1600w\" sizes=\"(max-width: 1024px) 100vw, 1024px\" \/><\/figure><div class=\"wp-block-media-text__content\">\n<p><strong>Lautxo (<em>Colon de Larreategui, 20 \/ Correo, 1<\/em>)<\/strong><\/p>\n\n\n\n<p><strong>Les meilleures croquettes de la ville<\/strong>. Ces croquettes maison, pr\u00e9par\u00e9es chaque jour, sont tr\u00e8s pris\u00e9es des habitants de Bilbao qui n\u2019h\u00e9sitent pas \u00e0 faire de longues queues chaque No\u00ebl pour servir ce mets tr\u00e8s convoit\u00e9 sur leurs tables de f\u00eates. Il y en a de toutes sortes&nbsp;: morue, poireaux, boudin, jambon-fromage, encornets, civelles, gambas, \u00e9pinards, fromage Idiazabal&#8230; mais on peut \u00e9galement s\u2019y procurer diff\u00e9rents plats typiques de la cuisine basque traditionnelle.<\/p>\n<\/div><\/div>\n\n\n\n<div style=\"height:10px\" aria-hidden=\"true\" class=\"wp-block-spacer\"><\/div>\n\n\n\n<div class=\"wp-block-media-text alignwide is-stacked-on-mobile\"><figure class=\"wp-block-media-text__media\"><img loading=\"lazy\" decoding=\"async\" width=\"1024\" height=\"683\" src=\"https:\/\/www.bilbaodendak.eus\/wp-content\/uploads\/2021\/01\/6889-le-bigott-gastronomic-04-1024x683.jpg\" alt=\"\" class=\"wp-image-18108 size-full\" srcset=\"https:\/\/www.bilbaodendak.eus\/wp-content\/uploads\/2021\/01\/6889-le-bigott-gastronomic-04-1024x683.jpg 1024w, https:\/\/www.bilbaodendak.eus\/wp-content\/uploads\/2021\/01\/6889-le-bigott-gastronomic-04-300x200.jpg 300w, https:\/\/www.bilbaodendak.eus\/wp-content\/uploads\/2021\/01\/6889-le-bigott-gastronomic-04-768x512.jpg 768w, https:\/\/www.bilbaodendak.eus\/wp-content\/uploads\/2021\/01\/6889-le-bigott-gastronomic-04.jpg 1500w\" sizes=\"(max-width: 1024px) 100vw, 1024px\" \/><\/figure><div class=\"wp-block-media-text__content\">\n<p><strong>Le Bigott (<em>Gran V\u00eda, 58 bajo D<\/em>)<\/strong><\/p>\n\n\n\n<p>Cet atelier qui propose des <strong>milliers de produits gourmets<\/strong> est tenu par de v\u00e9ritables sp\u00e9cialistes des associations de saveurs et d\u2019ar\u00f4mes. Leurs succulentes cr\u00e9ations ne demandent qu\u2019\u00e0 \u00eatre offertes ou partag\u00e9es avec vos \u00eatres chers. Chaque exp\u00e9rience gastronomique propos\u00e9e par <a href=\"https:\/\/lebigott.com\" target=\"_blank\" rel=\"noreferrer noopener nofollow\">Le Bigott<\/a> est un v\u00e9ritable privil\u00e8ge. \u00c0 vous d\u2019en profiter, de la savourer, de la vivre&#8230; et on peut \u00e9galement la compl\u00e9ter par des accessoires de mode, de d\u00e9coration, ou de la vaisselle pour cr\u00e9er le cadeau id\u00e9al.<\/p>\n<\/div><\/div>\n\n\n\n<div style=\"height:9px\" aria-hidden=\"true\" class=\"wp-block-spacer\"><\/div>\n\n\n\n<div style=\"height:11px\" aria-hidden=\"true\" class=\"wp-block-spacer\"><\/div>\n\n\n\n<div class=\"wp-block-media-text alignwide is-stacked-on-mobile\"><figure class=\"wp-block-media-text__media\"><img loading=\"lazy\" decoding=\"async\" width=\"680\" height=\"453\" src=\"https:\/\/www.bilbaodendak.eus\/wp-content\/uploads\/2021\/11\/enoteca-el-rincon-del-vino-w680px-446.jpg\" alt=\"ENOTECA EL RINCON DEL VINO BILBAO\" class=\"wp-image-49783 size-full\" srcset=\"https:\/\/www.bilbaodendak.eus\/wp-content\/uploads\/2021\/11\/enoteca-el-rincon-del-vino-w680px-446.jpg 680w, https:\/\/www.bilbaodendak.eus\/wp-content\/uploads\/2021\/11\/enoteca-el-rincon-del-vino-w680px-446-300x200.jpg 300w\" sizes=\"(max-width: 680px) 100vw, 680px\" \/><\/figure><div class=\"wp-block-media-text__content\">\n<p><strong>El rinc\u00f3n del vino (<em>Euskalduna, 5<\/em>)<\/strong><\/p>\n\n\n\n<p>Pleins feux sur le vin. Vous y trouverez des propositions originales, des vins d\u2019auteur, et bien s\u00fbr, les grands classiques, avec toute sorte de c\u00e9pages et d\u2019appellations d\u2019origine au meilleur prix. Des pr\u00e9sentations y sont organis\u00e9es, ainsi que des d\u00e9gustations et des associations avec diff\u00e9rents produits&#8230;<\/p>\n<\/div><\/div>\n\n\n\n<div style=\"height:10px\" aria-hidden=\"true\" class=\"wp-block-spacer\"><\/div>\n\n\n\n<div class=\"wp-block-media-text alignwide is-stacked-on-mobile\"><figure class=\"wp-block-media-text__media\"><img loading=\"lazy\" decoding=\"async\" width=\"502\" height=\"320\" src=\"https:\/\/www.bilbaodendak.eus\/wp-content\/uploads\/2020\/12\/5319-VinosyLicoresRuiz-01.jpg\" alt=\"Tienda con m\u00e1s de 1000 referencias en vinos y licores\" class=\"wp-image-29502 size-full\" srcset=\"https:\/\/www.bilbaodendak.eus\/wp-content\/uploads\/2020\/12\/5319-VinosyLicoresRuiz-01.jpg 502w, https:\/\/www.bilbaodendak.eus\/wp-content\/uploads\/2020\/12\/5319-VinosyLicoresRuiz-01-300x191.jpg 300w\" sizes=\"(max-width: 502px) 100vw, 502px\" \/><\/figure><div class=\"wp-block-media-text__content\">\n<p><strong>Vinos y licores Ruiz (<em>Hernani, 8<\/em>)<\/strong><\/p>\n\n\n\n<p>Une <strong>boutique de l\u00e9gende<\/strong> depuis trois g\u00e9n\u00e9rations. Il est vrai que peu d\u2019\u00e9tablissements sp\u00e9cialis\u00e9s disposent d\u2019une telle profusion de liqueurs vari\u00e9es et d\u2019une aussi vaste gamme de vins. Ils proposent <strong>plus de mille r\u00e9f\u00e9rences<\/strong>. Et vous y trouverez \u00e9galement un excellent choix de bi\u00e8res d\u2019importation.<\/p>\n<\/div><\/div>\n\n\n\n<div style=\"height:9px\" aria-hidden=\"true\" class=\"wp-block-spacer\"><\/div>\n\n\n\n<p class=\"has-medium-font-size\"><strong><mark style=\"background-color:rgba(0, 0, 0, 0)\" class=\"has-inline-color has-vivid-red-color\">POUR LES PLUS GOURMANDS<\/mark><\/strong><\/p>\n\n\n\n<div class=\"wp-block-media-text alignwide is-stacked-on-mobile\"><figure class=\"wp-block-media-text__media\"><img loading=\"lazy\" decoding=\"async\" width=\"1024\" height=\"654\" src=\"https:\/\/www.bilbaodendak.eus\/wp-content\/uploads\/2021\/01\/5800-pasteleria-arrese-03-1024x654.jpg\" alt=\"Pasteler\u00eda artesana especializada en trufas, pastas, bombones y mas.\" class=\"wp-image-18264 size-full\" srcset=\"https:\/\/www.bilbaodendak.eus\/wp-content\/uploads\/2021\/01\/5800-pasteleria-arrese-03-1024x654.jpg 1024w, https:\/\/www.bilbaodendak.eus\/wp-content\/uploads\/2021\/01\/5800-pasteleria-arrese-03-300x192.jpg 300w, https:\/\/www.bilbaodendak.eus\/wp-content\/uploads\/2021\/01\/5800-pasteleria-arrese-03-768x490.jpg 768w, https:\/\/www.bilbaodendak.eus\/wp-content\/uploads\/2021\/01\/5800-pasteleria-arrese-03.jpg 1500w\" sizes=\"(max-width: 1024px) 100vw, 1024px\" \/><\/figure><div class=\"wp-block-media-text__content\">\n<p><strong>Pasteler\u00eda Arrese (<em>Ercilla, 29 \/ Berastegi, 1 \/ Gran V\u00eda, 24 \/ Fueros, 2 \/ Rodr\u00edguez Arias, 35<\/em>)<\/strong><\/p>\n\n\n\n<p><a href=\"https:\/\/www.arrese.biz\" target=\"_blank\" rel=\"noreferrer noopener nofollow\">Arrese<\/a>, c\u2019est l\u2019histoire vivante de Bilbao. <strong>Depuis 1852<\/strong>, six g\u00e9n\u00e9rations s\u2019y sont succ\u00e9d\u00e9 pour combler nos vies de douceurs. <strong>Leurs truffes sont de v\u00e9ritables chefs-d&#8217;\u0153uvre<\/strong>. \u00c0 la cr\u00e8me, au chocolat et au Cognac, au Baileys ou au Cointreau&#8230; elles sont id\u00e9ales pour offrir un petit cadeau. Leurs&nbsp;<em>bombones<\/em>&nbsp;(truffes enrob\u00e9es de chocolat croustillant) sont \u00e9galement tr\u00e8s demand\u00e9s, tout comme leurs irr\u00e9sistibles palmiers au chocolat.<\/p>\n<\/div><\/div>\n\n\n\n<div style=\"height:12px\" aria-hidden=\"true\" class=\"wp-block-spacer\"><\/div>\n\n\n\n<div class=\"wp-block-media-text alignwide is-stacked-on-mobile\"><figure class=\"wp-block-media-text__media\"><img loading=\"lazy\" decoding=\"async\" width=\"1024\" height=\"683\" src=\"https:\/\/www.bilbaodendak.eus\/wp-content\/uploads\/2023\/07\/3C8A6798_ok-min-1024x683.jpg\" alt=\"Pasteler\u00eda Patxes en Bilbao\" class=\"wp-image-82140 size-full\" srcset=\"https:\/\/www.bilbaodendak.eus\/wp-content\/uploads\/2023\/07\/3C8A6798_ok-min-1024x683.jpg 1024w, https:\/\/www.bilbaodendak.eus\/wp-content\/uploads\/2023\/07\/3C8A6798_ok-min-300x200.jpg 300w, https:\/\/www.bilbaodendak.eus\/wp-content\/uploads\/2023\/07\/3C8A6798_ok-min-768x512.jpg 768w, https:\/\/www.bilbaodendak.eus\/wp-content\/uploads\/2023\/07\/3C8A6798_ok-min-1536x1024.jpg 1536w, https:\/\/www.bilbaodendak.eus\/wp-content\/uploads\/2023\/07\/3C8A6798_ok-min-2048x1365.jpg 2048w\" sizes=\"(max-width: 1024px) 100vw, 1024px\" \/><\/figure><div class=\"wp-block-media-text__content\">\n<p><strong>Patxes (<em>Heros, 15<\/em>)<\/strong><\/p>\n\n\n\n<p>Il n\u2019a pas fallu longtemps \u00e0<a href=\"https:\/\/www.bilbaodendak.eus\/comercios\/patxes-bilbao\/\" target=\"_blank\" rel=\"noreferrer noopener\"> Patxes<\/a> pour \u00eatre <strong>couronn\u00e9 roi des croissants \u00e0 Bilbao<\/strong>. Il est vrai que leurs viennoiseries ont un bon go\u00fbt de beurre et qu\u2019elles sont fourr\u00e9es avec des garnitures tr\u00e8s originales. Vous en trouverez fourr\u00e9es \u00e0 la cr\u00e8me de cheese-cake, \u00e0 la pistache, au caramel sal\u00e9, au th\u00e9 matcha&#8230; les saveurs alternent en fonction des p\u00e9riodes de l\u2019ann\u00e9e et des go\u00fbts de la client\u00e8le. Leurs palmiers et leurs doughnuts sont deux autres valeurs s\u00fbres appr\u00e9ci\u00e9es de tous.<\/p>\n<\/div><\/div>\n\n\n\n<div style=\"height:10px\" aria-hidden=\"true\" class=\"wp-block-spacer\"><\/div>\n\n\n\n<div class=\"wp-block-media-text alignwide is-stacked-on-mobile\"><figure class=\"wp-block-media-text__media\"><img loading=\"lazy\" decoding=\"async\" width=\"1024\" height=\"683\" src=\"https:\/\/www.bilbaodendak.eus\/wp-content\/uploads\/2021\/01\/3593-pastelerias-martina-de-zuricalday-03-1024x683.jpg\" alt=\"\" class=\"wp-image-18212 size-full\" srcset=\"https:\/\/www.bilbaodendak.eus\/wp-content\/uploads\/2021\/01\/3593-pastelerias-martina-de-zuricalday-03-1024x683.jpg 1024w, https:\/\/www.bilbaodendak.eus\/wp-content\/uploads\/2021\/01\/3593-pastelerias-martina-de-zuricalday-03-300x200.jpg 300w, https:\/\/www.bilbaodendak.eus\/wp-content\/uploads\/2021\/01\/3593-pastelerias-martina-de-zuricalday-03-768x512.jpg 768w, https:\/\/www.bilbaodendak.eus\/wp-content\/uploads\/2021\/01\/3593-pastelerias-martina-de-zuricalday-03.jpg 1076w\" sizes=\"(max-width: 1024px) 100vw, 1024px\" \/><\/figure><div class=\"wp-block-media-text__content\">\n<p><strong>Martina de Zuricalday (<em>Ercilla, 43 \/ Plaza San Jos\u00e9, 3 \/ Rodr\u00edguez Arias, 48 \/ Doctor Areilza, 38<\/em>)<\/strong><\/p>\n\n\n\n<p><strong>C\u2019est la p\u00e2tisserie artisanale la plus ancienne d\u2019Euskadi<\/strong> et la doyenne des boutiques de Bilbao. Depuis 1830, on y confectionne chaque matin diff\u00e9rentes p\u00e2tisseries et friandises (g\u00e2teaux, brioches, tartes, macarons, feuillet\u00e9s, cakes, truffes, financiers, cupcakes&#8230;). Pr\u00e9par\u00e9s avec les meilleurs ingr\u00e9dients, ils sont p\u00e9tris \u00e0 la main et cuits \u00e0 feu doux. Particuli\u00e8rement appr\u00e9ci\u00e9 des habitants et des touristes, <strong>leur produit phare, le&nbsp;<em>bollo de mantequilla<\/em><\/strong>, est un des \u00ab&nbsp;embl\u00e8mes&nbsp;\u00bb de la ville.<\/p>\n<\/div><\/div>\n\n\n\n<div style=\"height:12px\" aria-hidden=\"true\" class=\"wp-block-spacer\"><\/div>\n\n\n\n<div class=\"wp-block-media-text alignwide is-stacked-on-mobile\"><figure class=\"wp-block-media-text__media\"><img loading=\"lazy\" decoding=\"async\" width=\"1024\" height=\"684\" src=\"https:\/\/www.bilbaodendak.eus\/wp-content\/uploads\/2021\/01\/3981-panaderia-pasteleria-bizkarra-02-1024x684.jpg\" alt=\"\" class=\"wp-image-17882 size-full\" srcset=\"https:\/\/www.bilbaodendak.eus\/wp-content\/uploads\/2021\/01\/3981-panaderia-pasteleria-bizkarra-02-1024x684.jpg 1024w, https:\/\/www.bilbaodendak.eus\/wp-content\/uploads\/2021\/01\/3981-panaderia-pasteleria-bizkarra-02-300x200.jpg 300w, https:\/\/www.bilbaodendak.eus\/wp-content\/uploads\/2021\/01\/3981-panaderia-pasteleria-bizkarra-02-768x513.jpg 768w, https:\/\/www.bilbaodendak.eus\/wp-content\/uploads\/2021\/01\/3981-panaderia-pasteleria-bizkarra-02.jpg 1498w\" sizes=\"(max-width: 1024px) 100vw, 1024px\" \/><\/figure><div class=\"wp-block-media-text__content\">\n<p><strong>Bizkarra (<em>La Cruz, 8&nbsp;&nbsp;\/&nbsp;&nbsp;Licenciado Poza, 12&nbsp;&nbsp;\/ Ibaialde, 5&nbsp;&nbsp;\/&nbsp;&nbsp;Julian Gaiarre, 28<\/em>)<\/strong><\/p>\n\n\n\n<p>Une boulangerie-p\u00e2tisserie haut de gamme. Depuis 1957, leurs ateliers continuent \u00e0 faire vivre des recettes traditionnelles et des sp\u00e9cialit\u00e9s typiques que l\u2019on trouve uniquement au Pays basque et en Biscaye, comme le <strong>g\u00e2teau basque ou le<em>&nbsp;soconusco<\/em><\/strong>. Mais ils innovent \u00e9galement avec des cr\u00e9ations bas\u00e9es sur de d\u00e9licieuses associations de saveurs, comme les truffes au fromage d\u2019Urkiola ou \u00e0 l\u2019<em>intxaursaltsa<\/em>&nbsp;(cr\u00e8me de noix).<\/p>\n<\/div><\/div>\n\n\n\n<div style=\"height:11px\" aria-hidden=\"true\" class=\"wp-block-spacer\"><\/div>\n\n\n\n<div class=\"wp-block-media-text alignwide is-stacked-on-mobile\"><figure class=\"wp-block-media-text__media\"><img loading=\"lazy\" decoding=\"async\" width=\"1024\" height=\"683\" src=\"https:\/\/www.bilbaodendak.eus\/wp-content\/uploads\/2023\/01\/11356-Misschocole-2-1024x683.jpg\" alt=\"Misschocole, pasteler\u00eda bomboner\u00eda en Bilbao\" class=\"wp-image-53451 size-full\" srcset=\"https:\/\/www.bilbaodendak.eus\/wp-content\/uploads\/2023\/01\/11356-Misschocole-2-1024x683.jpg 1024w, https:\/\/www.bilbaodendak.eus\/wp-content\/uploads\/2023\/01\/11356-Misschocole-2-300x200.jpg 300w, https:\/\/www.bilbaodendak.eus\/wp-content\/uploads\/2023\/01\/11356-Misschocole-2-768x512.jpg 768w, https:\/\/www.bilbaodendak.eus\/wp-content\/uploads\/2023\/01\/11356-Misschocole-2-1536x1024.jpg 1536w, https:\/\/www.bilbaodendak.eus\/wp-content\/uploads\/2023\/01\/11356-Misschocole-2-2048x1365.jpg 2048w\" sizes=\"(max-width: 1024px) 100vw, 1024px\" \/><\/figure><div class=\"wp-block-media-text__content\">\n<p><strong>MissChocole (<em>Heros, 11 \/ Dr. Areilza, 44<\/em>)<\/strong><\/p>\n\n\n\n<p>Cette jeune p\u00e2tisserie-confiserie a une \u00e2me. C\u2019est un lieu magique qui enchantera les plus gourmands, et tout particuli\u00e8rement les <strong>amateurs de chocolat<\/strong>. Les confiseries aux couleurs et aux saveurs originales sont l\u2019ADN de cet \u00e9tablissement \u00e9galement connu pour ses palmiers au chocolat. De leur atelier sortent des brioches, des g\u00e2teaux et des tartes spectaculaires r\u00e9alis\u00e9s pour des occasions sp\u00e9ciales.<\/p>\n<\/div><\/div>\n\n\n\n<div style=\"height:8px\" aria-hidden=\"true\" class=\"wp-block-spacer\"><\/div>\n\n\n\n<p class=\"has-medium-font-size\"><strong><mark style=\"background-color:rgba(0, 0, 0, 0)\" class=\"has-inline-color has-vivid-red-color\">INTERNATIONAL<\/mark><\/strong><\/p>\n\n\n\n<div class=\"wp-block-media-text alignwide is-stacked-on-mobile\"><figure class=\"wp-block-media-text__media\"><img loading=\"lazy\" decoding=\"async\" width=\"1024\" height=\"684\" src=\"https:\/\/www.bilbaodendak.eus\/wp-content\/uploads\/2021\/01\/6676-aldente-01-1024x684.jpg\" alt=\"\" class=\"wp-image-17521 size-full\" srcset=\"https:\/\/www.bilbaodendak.eus\/wp-content\/uploads\/2021\/01\/6676-aldente-01-1024x684.jpg 1024w, https:\/\/www.bilbaodendak.eus\/wp-content\/uploads\/2021\/01\/6676-aldente-01-300x200.jpg 300w, https:\/\/www.bilbaodendak.eus\/wp-content\/uploads\/2021\/01\/6676-aldente-01-768x513.jpg 768w, https:\/\/www.bilbaodendak.eus\/wp-content\/uploads\/2021\/01\/6676-aldente-01.jpg 1498w\" sizes=\"(max-width: 1024px) 100vw, 1024px\" \/><\/figure><div class=\"wp-block-media-text__content\">\n<p><strong>Al Dente (<em>Alda. Urquijo, 62<\/em>)<\/strong><\/p>\n\n\n\n<p>Si vous aimez cuisiner et que vous avez un faible pour la <strong>gastronomie italienne<\/strong>, <a href=\"https:\/\/aldentebilbao.com\" target=\"_blank\" rel=\"noreferrer noopener nofollow\">Al Dente<\/a> met \u00e0 votre disposition les meilleurs ingr\u00e9dients du pays transalpin&nbsp;: charcuteries, p\u00e2tes, sauces, fromages, huiles, vins, confitures\u2026 de quoi r\u00e9ussir parfaitement tous vos plats. Mais si vous le souhaitez, ils peuvent aussi cuisiner \u00e0 votre place et vous fournir de d\u00e9licieux plats pr\u00eats \u00e0 emporter. Dans leurs cuisines, ils pr\u00e9parent chaque jour des recettes au succ\u00e8s ind\u00e9modable&nbsp;: lasagnes, cannellonis, pesto, tiramisu&#8230;<\/p>\n<\/div><\/div>\n\n\n\n<div style=\"height:13px\" aria-hidden=\"true\" class=\"wp-block-spacer\"><\/div>\n\n\n\n<div class=\"wp-block-media-text alignwide is-stacked-on-mobile\"><figure class=\"wp-block-media-text__media\"><img loading=\"lazy\" decoding=\"async\" width=\"1024\" height=\"683\" src=\"https:\/\/www.bilbaodendak.eus\/wp-content\/uploads\/2020\/12\/3364-charcuteria-alemana-la-moderna-02-1024x683.jpg\" alt=\"Charcuter\u00eda la Moderna de Hermann Thate, especializada en productos alemanes\" class=\"wp-image-31156 size-full\" srcset=\"https:\/\/www.bilbaodendak.eus\/wp-content\/uploads\/2020\/12\/3364-charcuteria-alemana-la-moderna-02-1024x683.jpg 1024w, https:\/\/www.bilbaodendak.eus\/wp-content\/uploads\/2020\/12\/3364-charcuteria-alemana-la-moderna-02-300x200.jpg 300w, https:\/\/www.bilbaodendak.eus\/wp-content\/uploads\/2020\/12\/3364-charcuteria-alemana-la-moderna-02-768x512.jpg 768w, https:\/\/www.bilbaodendak.eus\/wp-content\/uploads\/2020\/12\/3364-charcuteria-alemana-la-moderna-02-1536x1024.jpg 1536w, https:\/\/www.bilbaodendak.eus\/wp-content\/uploads\/2020\/12\/3364-charcuteria-alemana-la-moderna-02-2048x1365.jpg 2048w\" sizes=\"(max-width: 1024px) 100vw, 1024px\" \/><\/figure><div class=\"wp-block-media-text__content\">\n<p><strong>Charcuter\u00eda alemana La Moderna (<em>Colon de Larreategui, 20<\/em>)<\/strong><\/p>\n\n\n\n<p>Les saucisses, <strong>pr\u00e9par\u00e9es dans leur atelier de fa\u00e7on artisanale<\/strong>, sont incontestablement le produit phare de cette charcuterie allemande install\u00e9e au&nbsp;<em>Botxo<\/em>&nbsp;depuis 1932. Elle est bien connue de tous \u00e0 Bilbao. Parmi leurs meilleures ventes, on trouve le traditionnel pain de viande de Bavi\u00e8re, les saucissons, les viandes froides, les moutardes et les bi\u00e8res allemandes.<\/p>\n<\/div><\/div>\n\n\n\n<div style=\"height:11px\" aria-hidden=\"true\" class=\"wp-block-spacer\"><\/div>\n\n\n\n<div style=\"height:11px\" aria-hidden=\"true\" class=\"wp-block-spacer\"><\/div>\n","protected":false},"excerpt":{"rendered":"<p>Un itin\u00e9raire all\u00e9chant et savoureux, adapt\u00e9 \u00e0 tous les publics, y compris les n\u00e9ophytes et les touristes en qu\u00eate de produits typiquement basques.<\/p>\n","protected":false},"featured_media":58816,"template":"","meta":[],"destacado":[],"tipo":[810],"tematica":[797],"class_list":["post-82188","rutas-y-planes","type-rutas-y-planes","status-publish","has-post-thumbnail","hentry","tipo-plans","tematica-gastronomique"],"_links":{"self":[{"href":"https:\/\/www.bilbaodendak.eus\/fr\/wp-json\/wp\/v2\/rutas-y-planes\/82188","targetHints":{"allow":["GET"]}}],"collection":[{"href":"https:\/\/www.bilbaodendak.eus\/fr\/wp-json\/wp\/v2\/rutas-y-planes"}],"about":[{"href":"https:\/\/www.bilbaodendak.eus\/fr\/wp-json\/wp\/v2\/types\/rutas-y-planes"}],"wp:featuredmedia":[{"embeddable":true,"href":"https:\/\/www.bilbaodendak.eus\/fr\/wp-json\/wp\/v2\/media\/58816"}],"wp:attachment":[{"href":"https:\/\/www.bilbaodendak.eus\/fr\/wp-json\/wp\/v2\/media?parent=82188"}],"wp:term":[{"taxonomy":"destacado","embeddable":true,"href":"https:\/\/www.bilbaodendak.eus\/fr\/wp-json\/wp\/v2\/destacado?post=82188"},{"taxonomy":"tipo","embeddable":true,"href":"https:\/\/www.bilbaodendak.eus\/fr\/wp-json\/wp\/v2\/tipo?post=82188"},{"taxonomy":"tematica","embeddable":true,"href":"https:\/\/www.bilbaodendak.eus\/fr\/wp-json\/wp\/v2\/tematica?post=82188"}],"curies":[{"name":"wp","href":"https:\/\/api.w.org\/{rel}","templated":true}]}}