{"id":80834,"date":"2024-01-16T13:12:39","date_gmt":"2024-01-16T12:12:39","guid":{"rendered":"https:\/\/www.bilbaodendak.eus\/listado-rutas-y-planes\/comercios-sostenibles-de-bilbao\/"},"modified":"2025-06-30T10:46:20","modified_gmt":"2025-06-30T08:46:20","slug":"commerces-durables-bilbao","status":"publish","type":"rutas-y-planes","link":"https:\/\/www.bilbaodendak.eus\/fr\/filtrado-rutas-y-planes\/commerces-durables-bilbao\/","title":{"rendered":"Les commerces durables de Bilbao"},"content":{"rendered":"\n<h2 class=\"wp-block-heading\" style=\"font-size:25px;font-style:normal;font-weight:700\">Le commerce local est durable<\/h2>\n\n\n\n<h3 class=\"wp-block-heading has-medium-font-size\">Nos commerces sont le moteur d\u2019une \u00e9conomie locale, de proximit\u00e9, plus juste, et bas\u00e9e sur une approche \u00e9cologique.<\/h3>\n\n\n\n<p><p style=\"font-weight: 400;\">Lorsque nous parlons de produits \u00e9cologiques, nous pensons imm\u00e9diatement \u00e0 certain nombre d\u2019\u00e9colabels. Pourtant, il existe bien d\u2019autres fa\u00e7ons de <strong>contribuer \u00e0 prot\u00e9ger l\u2019environnement<\/strong>. Les produits locaux, par exemple, ont un impact environnemental inf\u00e9rieur \u00e0 ceux qui proviennent de r\u00e9gions plus \u00e9loign\u00e9es. L\u2019achat de produits locaux r\u00e9duit les d\u00e9placements et <strong>limite les \u00e9missions<\/strong> polluantes.<\/p><\/p>\n\n\n\n<p>Avec bilbaoDendak, vous allez maintenant d\u00e9couvrir certains commerces de Bilbao qui se sont engag\u00e9s de diff\u00e9rentes mani\u00e8res dans la d\u00e9fense de l\u2019environnement.<\/p>\n\n\n\n<p class=\"has-medium-font-size\"><p style=\"font-weight: 400;\"><strong>UNE MODE \u00c9THIQUE ET RESPECTUEUSE<\/strong><\/p><\/p>\n\n\n\n<p><p style=\"font-weight: 400;\">Connaissez-vous <a href=\"https:\/\/www.skfk-ethical-fashion.com\/es\" rel=\"nofollow noopener\" target=\"_blank\">SKFK<\/a>\u00a0? Confort et bon go\u00fbt sont au rendez-vous chez cette marque pionni\u00e8re de la <strong>mode \u00e9cologique<\/strong>. Avec des <strong>imprim\u00e9s originaux et exclusifs <\/strong>qui \u00e9voquent la nature, la culture et l\u2019art\u00a0; avec la qualit\u00e9 de ses tissus en <strong>fibres bio<\/strong> \u00e0 tr\u00e8s faible impact, respectueuses de la peau et de l\u2019environnement, cette marque a \u00e9t\u00e9 la premi\u00e8re entreprise de mode espagnole \u00e0 obtenir le <strong>label\u00a0Fairtrade\u00ae<\/strong>.<\/p><\/p>\n\n\n\n<p><p style=\"font-weight: 400;\"><strong>Du coton bio<\/strong>\u00a0: sans aucun produit toxique. Les fibres \u00e9cologiques sont au c\u0153ur de leur engagement, parce que le coton bio est plus respectueux des gens et de l\u2019environnement que le coton conventionnel. Entre autres initiatives, SKFK a cr\u00e9\u00e9 en 2019 la <strong>Fondation\u00a0Berrizan<\/strong> dont la mission est de pr\u00e9server et de replanter les for\u00eats natives du Pays basque. <strong>Tous leurs articles sont imagin\u00e9s de A \u00e0 Z dans leurs bureaux du Pays basque<\/strong>, avec amour et implication.<\/p><\/p>\n\n\n\n<figure class=\"wp-block-gallery has-nested-images columns-default is-cropped wp-block-gallery-1 is-layout-flex wp-block-gallery-is-layout-flex\">\n<figure class=\"wp-block-image size-large\"><img fetchpriority=\"high\" decoding=\"async\" width=\"1024\" height=\"683\" data-id=\"37100\" src=\"https:\/\/www.bilbaodendak.eus\/wp-content\/uploads\/2021\/06\/IMG_6944_ok-min-1024x683.jpg\" alt=\"\" class=\"wp-image-37100\" srcset=\"https:\/\/www.bilbaodendak.eus\/wp-content\/uploads\/2021\/06\/IMG_6944_ok-min-1024x683.jpg 1024w, https:\/\/www.bilbaodendak.eus\/wp-content\/uploads\/2021\/06\/IMG_6944_ok-min-300x200.jpg 300w, https:\/\/www.bilbaodendak.eus\/wp-content\/uploads\/2021\/06\/IMG_6944_ok-min-768x512.jpg 768w, https:\/\/www.bilbaodendak.eus\/wp-content\/uploads\/2021\/06\/IMG_6944_ok-min-1536x1024.jpg 1536w, https:\/\/www.bilbaodendak.eus\/wp-content\/uploads\/2021\/06\/IMG_6944_ok-min-2048x1365.jpg 2048w\" sizes=\"(max-width: 1024px) 100vw, 1024px\" \/><\/figure>\n\n\n\n<figure class=\"wp-block-image size-large\"><img decoding=\"async\" width=\"1024\" height=\"683\" data-id=\"95010\" src=\"https:\/\/www.bilbaodendak.eus\/wp-content\/uploads\/2021\/07\/IMG_2241_ok-1024x683.jpg\" alt=\"SKFK en Bilbao\" class=\"wp-image-95010\" srcset=\"https:\/\/www.bilbaodendak.eus\/wp-content\/uploads\/2021\/07\/IMG_2241_ok-1024x683.jpg 1024w, https:\/\/www.bilbaodendak.eus\/wp-content\/uploads\/2021\/07\/IMG_2241_ok-300x200.jpg 300w, https:\/\/www.bilbaodendak.eus\/wp-content\/uploads\/2021\/07\/IMG_2241_ok-768x512.jpg 768w, https:\/\/www.bilbaodendak.eus\/wp-content\/uploads\/2021\/07\/IMG_2241_ok-1536x1024.jpg 1536w, https:\/\/www.bilbaodendak.eus\/wp-content\/uploads\/2021\/07\/IMG_2241_ok-2048x1365.jpg 2048w\" sizes=\"(max-width: 1024px) 100vw, 1024px\" \/><\/figure>\n\n\n\n<figure class=\"wp-block-image size-large\"><img decoding=\"async\" width=\"1024\" height=\"683\" data-id=\"37104\" src=\"https:\/\/www.bilbaodendak.eus\/wp-content\/uploads\/2021\/06\/IMG_6978_ok-min-1024x683.jpg\" alt=\"\" class=\"wp-image-37104\" srcset=\"https:\/\/www.bilbaodendak.eus\/wp-content\/uploads\/2021\/06\/IMG_6978_ok-min-1024x683.jpg 1024w, https:\/\/www.bilbaodendak.eus\/wp-content\/uploads\/2021\/06\/IMG_6978_ok-min-300x200.jpg 300w, https:\/\/www.bilbaodendak.eus\/wp-content\/uploads\/2021\/06\/IMG_6978_ok-min-768x512.jpg 768w, https:\/\/www.bilbaodendak.eus\/wp-content\/uploads\/2021\/06\/IMG_6978_ok-min-1536x1024.jpg 1536w, https:\/\/www.bilbaodendak.eus\/wp-content\/uploads\/2021\/06\/IMG_6978_ok-min-2048x1365.jpg 2048w\" sizes=\"(max-width: 1024px) 100vw, 1024px\" \/><\/figure>\n\n\n\n<figure class=\"wp-block-image size-large\"><img loading=\"lazy\" decoding=\"async\" width=\"1024\" height=\"683\" data-id=\"94644\" src=\"https:\/\/www.bilbaodendak.eus\/wp-content\/uploads\/2023\/04\/IMG_2245_ok-1024x683.jpg\" alt=\"skfk bilbao\" class=\"wp-image-94644\" srcset=\"https:\/\/www.bilbaodendak.eus\/wp-content\/uploads\/2023\/04\/IMG_2245_ok-1024x683.jpg 1024w, https:\/\/www.bilbaodendak.eus\/wp-content\/uploads\/2023\/04\/IMG_2245_ok-300x200.jpg 300w, https:\/\/www.bilbaodendak.eus\/wp-content\/uploads\/2023\/04\/IMG_2245_ok-768x512.jpg 768w, https:\/\/www.bilbaodendak.eus\/wp-content\/uploads\/2023\/04\/IMG_2245_ok-1536x1024.jpg 1536w, https:\/\/www.bilbaodendak.eus\/wp-content\/uploads\/2023\/04\/IMG_2245_ok-2048x1365.jpg 2048w\" sizes=\"(max-width: 1024px) 100vw, 1024px\" \/><\/figure>\n<\/figure>\n\n\n\n<p class=\"has-medium-font-size\"><\/p>\n\n\n\n<p class=\"has-medium-font-size\"><p style=\"font-weight: 400;\"><strong>TOUT POUR LES V\u00c9LOS \u00c9LECTRIQUES\u00a0: ACHAT ET LOCATION<\/strong><\/p><\/p>\n\n\n\n<p><p style=\"font-weight: 400;\">\u00c0 Bilbao, on trouve une <strong>boutique de v\u00e9los \u00e9lectriques<\/strong> qui dispose d\u2019un des plus importants stocks du sud de l\u2019Europe, avec plus de <strong>200\u00a0mod\u00e8les<\/strong> diff\u00e9rents expos\u00e9s dans sa boutique physique.<\/p><\/p>\n\n\n\n<div class=\"wp-block-columns is-layout-flex wp-container-core-columns-is-layout-28f84493 wp-block-columns-is-layout-flex\">\n<div class=\"wp-block-column is-layout-flow wp-block-column-is-layout-flow\">\n<div class=\"wp-block-media-text alignwide is-stacked-on-mobile\" style=\"grid-template-columns:42% auto\"><figure class=\"wp-block-media-text__media\"><img loading=\"lazy\" decoding=\"async\" width=\"1024\" height=\"768\" src=\"https:\/\/www.bilbaodendak.eus\/wp-content\/uploads\/2021\/06\/44648429_1795606090548819_4791764316292382720_n-1024x768.jpg\" alt=\"\" class=\"wp-image-37113 size-full\" srcset=\"https:\/\/www.bilbaodendak.eus\/wp-content\/uploads\/2021\/06\/44648429_1795606090548819_4791764316292382720_n-1024x768.jpg 1024w, https:\/\/www.bilbaodendak.eus\/wp-content\/uploads\/2021\/06\/44648429_1795606090548819_4791764316292382720_n-300x225.jpg 300w, https:\/\/www.bilbaodendak.eus\/wp-content\/uploads\/2021\/06\/44648429_1795606090548819_4791764316292382720_n-768x576.jpg 768w, https:\/\/www.bilbaodendak.eus\/wp-content\/uploads\/2021\/06\/44648429_1795606090548819_4791764316292382720_n-1536x1152.jpg 1536w, https:\/\/www.bilbaodendak.eus\/wp-content\/uploads\/2021\/06\/44648429_1795606090548819_4791764316292382720_n.jpg 2048w\" sizes=\"(max-width: 1024px) 100vw, 1024px\" \/><\/figure><div class=\"wp-block-media-text__content\">\n<p><p style=\"font-weight: 400;\"><a href=\"https:\/\/www.motorverde.es\/\" rel=\"nofollow noopener\" target=\"_blank\"><strong>Motor\u00a0verde<\/strong><\/a> est arriv\u00e9 au printemps\u00a02012 dans la lanc\u00e9e des premi\u00e8res exp\u00e9riences \u00e9lectriques, avec la conviction qu\u2019il \u00e9tait n\u00e9cessaire d\u2019offrir une <strong>mobilit\u00e9 durable<\/strong>, respectueuse de l\u2019environnement, \u00e0 la fois efficace et \u00e9conomique. Dirig\u00e9e par Ana, l\u2019\u00e9quipe de Motor\u00a0Verde dispose d\u2019un<strong> atelier dans sa boutique<\/strong> et peut ainsi offrir un <strong>service apr\u00e8s-vente<\/strong> sp\u00e9cialis\u00e9 \u00e0 ses clients.<\/p><\/p>\n\n\n\n<p><p style=\"font-weight: 400;\">Elle propose aussi de transformer les v\u00e9los traditionnels en v\u00e9los \u00e9lectriques en leur installant un kit de conversion. Un <strong>service de location<\/strong> est m\u00eame \u00e0 votre disposition si vous voulez les essayer avant de sauter le pas, ou pour vous permettre d\u2019en profiter l\u2019espace d\u2019une journ\u00e9e ou d\u2019un week-end.<\/p><\/p>\n<\/div><\/div>\n<\/div>\n<\/div>\n\n\n\n<p class=\"has-medium-font-size\"><p style=\"font-weight: 400;\"><strong>DES CHAUSSURES DURABLES, R\u00c9PARABLES, RECYCLABLES, DE FABRICATION \u00ab\u00a0KM\u00a00\u00a0\u00bb<\/strong><\/p><\/p>\n\n\n\n<p><p style=\"font-weight: 400;\">C\u2019est \u00e0 Carla que l\u2019on doit ces <strong>chaussures de sport vivantes et pleines de personnalit\u00e9<\/strong> sp\u00e9cialement con\u00e7ues pour les <strong>cyclistes urbains<\/strong> en utilisant de la mati\u00e8re r\u00e9fl\u00e9chissante, un \u00e9l\u00e9ment indispensable pour rouler la nuit.<\/p><\/p>\n\n\n\n<p><p style=\"font-weight: 400;\">Cr\u00e9\u00e9 en juin 2019, <a href=\"https:\/\/libertadavenue.com\/es\/\" rel=\"nofollow noopener\" target=\"_blank\"><strong>Libertad Avenue<\/strong><\/a> s\u2019est r\u00e9cemment install\u00e9e \u00e0 Bilbao La Vieja o\u00f9 ses clients peuvent d\u00e9sormais essayer ses chaussures dans une boutique physique.<\/p><\/p>\n\n\n\n<p><p style=\"font-weight: 400;\">Chez Libertad\u00a0Avenue, on s\u2019efforce d\u2019ex\u00e9cuter toutes les \u00e9tapes du processus de fabrication de la fa\u00e7on la plus \u00e9cologique possible, depuis le choix des mat\u00e9riaux jusqu\u2019\u00e0 la s\u00e9lection du personnel, en respectant un politique de juste r\u00e9tribution du travail. Carla est tr\u00e8s attach\u00e9e \u00e0 ses valeurs personnelles et aux <strong>valeurs de sa marque<\/strong>.<\/p><\/p>\n\n\n\n<p><p style=\"font-weight: 400;\">Elle a mis\u00e9 sur des <strong>produits faits main<\/strong>, qui durent plus longtemps et que l\u2019on peut r\u00e9parer et modifier \u00e0 volont\u00e9. C\u2019est le privil\u00e8ge des personnes qui travaillent de leurs mains dans un atelier o\u00f9 les produits sont fabriqu\u00e9s <strong>tranquillement et avec plaisir<\/strong>.<\/p><\/p>\n\n\n\n<figure class=\"wp-block-gallery has-nested-images columns-default is-cropped wp-block-gallery-2 is-layout-flex wp-block-gallery-is-layout-flex\">\n<figure class=\"wp-block-image size-large\"><img loading=\"lazy\" decoding=\"async\" width=\"1024\" height=\"1024\" data-id=\"37130\" src=\"https:\/\/www.bilbaodendak.eus\/wp-content\/uploads\/2021\/06\/F42EFB42-FB71-4CE3-A1B2-07EB4FCC300A-min-1024x1024.jpeg\" alt=\"\" class=\"wp-image-37130\" srcset=\"https:\/\/www.bilbaodendak.eus\/wp-content\/uploads\/2021\/06\/F42EFB42-FB71-4CE3-A1B2-07EB4FCC300A-min-1024x1024.jpeg 1024w, https:\/\/www.bilbaodendak.eus\/wp-content\/uploads\/2021\/06\/F42EFB42-FB71-4CE3-A1B2-07EB4FCC300A-min-300x300.jpeg 300w, https:\/\/www.bilbaodendak.eus\/wp-content\/uploads\/2021\/06\/F42EFB42-FB71-4CE3-A1B2-07EB4FCC300A-min-150x150.jpeg 150w, https:\/\/www.bilbaodendak.eus\/wp-content\/uploads\/2021\/06\/F42EFB42-FB71-4CE3-A1B2-07EB4FCC300A-min-768x768.jpeg 768w, https:\/\/www.bilbaodendak.eus\/wp-content\/uploads\/2021\/06\/F42EFB42-FB71-4CE3-A1B2-07EB4FCC300A-min.jpeg 1200w\" sizes=\"(max-width: 1024px) 100vw, 1024px\" \/><\/figure>\n\n\n\n<figure class=\"wp-block-image size-large\"><img loading=\"lazy\" decoding=\"async\" width=\"1024\" height=\"683\" data-id=\"37132\" src=\"https:\/\/www.bilbaodendak.eus\/wp-content\/uploads\/2021\/06\/IMG_7031_ok-min-1024x683.jpg\" alt=\"\" class=\"wp-image-37132\" srcset=\"https:\/\/www.bilbaodendak.eus\/wp-content\/uploads\/2021\/06\/IMG_7031_ok-min-1024x683.jpg 1024w, https:\/\/www.bilbaodendak.eus\/wp-content\/uploads\/2021\/06\/IMG_7031_ok-min-300x200.jpg 300w, https:\/\/www.bilbaodendak.eus\/wp-content\/uploads\/2021\/06\/IMG_7031_ok-min-768x512.jpg 768w, https:\/\/www.bilbaodendak.eus\/wp-content\/uploads\/2021\/06\/IMG_7031_ok-min-1536x1024.jpg 1536w, https:\/\/www.bilbaodendak.eus\/wp-content\/uploads\/2021\/06\/IMG_7031_ok-min-2048x1365.jpg 2048w\" sizes=\"(max-width: 1024px) 100vw, 1024px\" \/><\/figure>\n\n\n\n<figure class=\"wp-block-image size-large\"><img loading=\"lazy\" decoding=\"async\" width=\"1024\" height=\"683\" data-id=\"37134\" src=\"https:\/\/www.bilbaodendak.eus\/wp-content\/uploads\/2021\/06\/IMG_7034_ok-min-1024x683.jpg\" alt=\"\" class=\"wp-image-37134\" srcset=\"https:\/\/www.bilbaodendak.eus\/wp-content\/uploads\/2021\/06\/IMG_7034_ok-min-1024x683.jpg 1024w, https:\/\/www.bilbaodendak.eus\/wp-content\/uploads\/2021\/06\/IMG_7034_ok-min-300x200.jpg 300w, https:\/\/www.bilbaodendak.eus\/wp-content\/uploads\/2021\/06\/IMG_7034_ok-min-768x512.jpg 768w, https:\/\/www.bilbaodendak.eus\/wp-content\/uploads\/2021\/06\/IMG_7034_ok-min-1536x1024.jpg 1536w, https:\/\/www.bilbaodendak.eus\/wp-content\/uploads\/2021\/06\/IMG_7034_ok-min-2048x1365.jpg 2048w\" sizes=\"(max-width: 1024px) 100vw, 1024px\" \/><\/figure>\n\n\n\n<figure class=\"wp-block-image size-large\"><img loading=\"lazy\" decoding=\"async\" width=\"1024\" height=\"683\" data-id=\"37126\" src=\"https:\/\/www.bilbaodendak.eus\/wp-content\/uploads\/2021\/06\/calzado-sostenible-bilbao-5-min-1024x683.jpeg\" alt=\"\" class=\"wp-image-37126\" srcset=\"https:\/\/www.bilbaodendak.eus\/wp-content\/uploads\/2021\/06\/calzado-sostenible-bilbao-5-min-1024x683.jpeg 1024w, https:\/\/www.bilbaodendak.eus\/wp-content\/uploads\/2021\/06\/calzado-sostenible-bilbao-5-min-300x200.jpeg 300w, https:\/\/www.bilbaodendak.eus\/wp-content\/uploads\/2021\/06\/calzado-sostenible-bilbao-5-min-768x513.jpeg 768w, https:\/\/www.bilbaodendak.eus\/wp-content\/uploads\/2021\/06\/calzado-sostenible-bilbao-5-min-1536x1025.jpeg 1536w, https:\/\/www.bilbaodendak.eus\/wp-content\/uploads\/2021\/06\/calzado-sostenible-bilbao-5-min-2048x1367.jpeg 2048w\" sizes=\"(max-width: 1024px) 100vw, 1024px\" \/><\/figure>\n\n\n\n<figure class=\"wp-block-image size-large\"><img loading=\"lazy\" decoding=\"async\" width=\"1024\" height=\"683\" data-id=\"37138\" src=\"https:\/\/www.bilbaodendak.eus\/wp-content\/uploads\/2021\/06\/IMG_7055_ok-min-1024x683.jpg\" alt=\"\" class=\"wp-image-37138\" srcset=\"https:\/\/www.bilbaodendak.eus\/wp-content\/uploads\/2021\/06\/IMG_7055_ok-min-1024x683.jpg 1024w, https:\/\/www.bilbaodendak.eus\/wp-content\/uploads\/2021\/06\/IMG_7055_ok-min-300x200.jpg 300w, https:\/\/www.bilbaodendak.eus\/wp-content\/uploads\/2021\/06\/IMG_7055_ok-min-768x512.jpg 768w, https:\/\/www.bilbaodendak.eus\/wp-content\/uploads\/2021\/06\/IMG_7055_ok-min-1536x1024.jpg 1536w, https:\/\/www.bilbaodendak.eus\/wp-content\/uploads\/2021\/06\/IMG_7055_ok-min-2048x1365.jpg 2048w\" sizes=\"(max-width: 1024px) 100vw, 1024px\" \/><\/figure>\n<\/figure>\n\n\n\n<div class=\"wp-block-buttons is-layout-flex wp-block-buttons-is-layout-flex\">\n<div class=\"wp-block-button is-style-outline is-style-outline--3\"><a class=\"wp-block-button__link wp-element-button\" href=\"https:\/\/www.bilbaodendak.eus\/fr\/filtrado-rutas-y-planes\/\" target=\"_blank\" rel=\"noreferrer noopener\">Plus de bons plans \u00e0 Bilbao<\/a><\/div>\n<\/div>\n","protected":false},"excerpt":{"rendered":"<p>Le commerce local est durable. Nos commerces sont le moteur d\u2019une \u00e9conomie locale, de proximit\u00e9, plus juste, et bas\u00e9e sur une approche \u00e9cologique.<\/p>\n","protected":false},"featured_media":66572,"template":"","meta":[],"destacado":[1102],"tipo":[810],"tematica":[798],"class_list":["post-80834","rutas-y-planes","type-rutas-y-planes","status-publish","has-post-thumbnail","hentry","destacado-destacar-en-megamenu-fr","tipo-plans","tematica-achats"],"_links":{"self":[{"href":"https:\/\/www.bilbaodendak.eus\/fr\/wp-json\/wp\/v2\/rutas-y-planes\/80834","targetHints":{"allow":["GET"]}}],"collection":[{"href":"https:\/\/www.bilbaodendak.eus\/fr\/wp-json\/wp\/v2\/rutas-y-planes"}],"about":[{"href":"https:\/\/www.bilbaodendak.eus\/fr\/wp-json\/wp\/v2\/types\/rutas-y-planes"}],"wp:featuredmedia":[{"embeddable":true,"href":"https:\/\/www.bilbaodendak.eus\/fr\/wp-json\/wp\/v2\/media\/66572"}],"wp:attachment":[{"href":"https:\/\/www.bilbaodendak.eus\/fr\/wp-json\/wp\/v2\/media?parent=80834"}],"wp:term":[{"taxonomy":"destacado","embeddable":true,"href":"https:\/\/www.bilbaodendak.eus\/fr\/wp-json\/wp\/v2\/destacado?post=80834"},{"taxonomy":"tipo","embeddable":true,"href":"https:\/\/www.bilbaodendak.eus\/fr\/wp-json\/wp\/v2\/tipo?post=80834"},{"taxonomy":"tematica","embeddable":true,"href":"https:\/\/www.bilbaodendak.eus\/fr\/wp-json\/wp\/v2\/tematica?post=80834"}],"curies":[{"name":"wp","href":"https:\/\/api.w.org\/{rel}","templated":true}]}}