{"id":80808,"date":"2023-12-11T13:26:02","date_gmt":"2023-12-11T12:26:02","guid":{"rendered":"https:\/\/www.bilbaodendak.eus\/listado-rutas-y-planes\/10-museos-de-bilbao\/"},"modified":"2024-01-23T10:08:39","modified_gmt":"2024-01-23T09:08:39","slug":"10-museos-de-bilbao","status":"publish","type":"rutas-y-planes","link":"https:\/\/www.bilbaodendak.eus\/fr\/filtrado-rutas-y-planes\/10-museos-de-bilbao\/","title":{"rendered":"Itin\u00e9raire des 10 mus\u00e9es de Bilbao"},"content":{"rendered":"\n<h2 class=\"wp-block-heading\" style=\"font-size:25px;font-style:normal;font-weight:700\">Itin\u00e9raire des 10 mus\u00e9es de Bilbao<\/h2>\n\n<p>Bilbao s\u2019est fait conna\u00eetre dans le monde entier gr\u00e2ce \u00e0 son processus de transformation urbaine qui a ouvert un nouveau mod\u00e8le de d\u00e9veloppement bas\u00e9 sur les personnes et tourn\u00e9 en permanence vers l\u2019avenir.<\/p>\n\n<p><p style=\"font-weight: 400;\">Mais Bilbao est aussi une <strong>ville attach\u00e9e \u00e0 ses racines<\/strong> et \u00e0 ces valeurs intangibles qui nous ont permis de surmonter avec enthousiasme toutes les difficult\u00e9s au cours de sept longs si\u00e8cles d\u2019histoire, avec la fiert\u00e9 d\u2019habiter <strong>une des villes du monde o\u00f9 il est le plus agr\u00e9able de vivre, de travailler et de profiter<\/strong> d\u2019un mode de vie qui respecte la dignit\u00e9 de toutes les personnes.<\/p><\/p>\n\n<p><p style=\"font-weight: 400;\">Pr\u00e9sent\u00e9 par la mairie de la ville, ce <a href=\"https:\/\/www.bilbao.eus\/cs\/Satellite?c=BIO_Noticia_FA&amp;cid=1279214819986&amp;language=es&amp;pageid=3000075248&amp;pagename=Bilbaonet\/BIO_Noticia_FA\/BIO_Noticia\" rel=\"nofollow noopener\" target=\"_blank\">bref guide<\/a> des mus\u00e9es de Bilbao t\u00e9moigne du r\u00f4le important que <strong>la culture<\/strong> a toujours jou\u00e9 dans la soci\u00e9t\u00e9 bilbayenne.<\/p><\/p>\n\n<h2 class=\"has-text-align-center wp-block-heading\"><p style=\"font-weight: 400;\"><strong>Museo\u00a0de\u00a0Bellas\u00a0Artes (mus\u00e9e des Beaux-Arts)<\/strong><\/p><\/h2>\n\n<figure class=\"wp-block-image size-large\"><img fetchpriority=\"high\" decoding=\"async\" width=\"1024\" height=\"555\" src=\"https:\/\/www.bilbaodendak.eus\/wp-content\/uploads\/2022\/03\/Bellas-Artes-min-1024x555.png\" alt=\"\" class=\"wp-image-46248\" srcset=\"https:\/\/www.bilbaodendak.eus\/wp-content\/uploads\/2022\/03\/Bellas-Artes-min-1024x555.png 1024w, https:\/\/www.bilbaodendak.eus\/wp-content\/uploads\/2022\/03\/Bellas-Artes-min-300x163.png 300w, https:\/\/www.bilbaodendak.eus\/wp-content\/uploads\/2022\/03\/Bellas-Artes-min-768x416.png 768w, https:\/\/www.bilbaodendak.eus\/wp-content\/uploads\/2022\/03\/Bellas-Artes-min-1536x832.png 1536w, https:\/\/www.bilbaodendak.eus\/wp-content\/uploads\/2022\/03\/Bellas-Artes-min.png 1812w\" sizes=\"(max-width: 1024px) 100vw, 1024px\" \/><\/figure>\n\n<p>Un parcours dans l\u2019histoire de l\u2019art du XIIe si\u00e8cle \u00e0 nos jours.<\/p>\n\n<p><p style=\"font-weight: 400;\">Le <a href=\"https:\/\/museobilbao.com\/\" rel=\"nofollow noopener\" target=\"_blank\">Museo\u00a0de\u00a0Bellas\u00a0Artes de Bilbao<\/a> se trouve dans le Parc Do\u00f1a\u00a0Casilda, dans le quartier d\u2019Indautxu. Son imposante collection de peintures et de sculptures permet de parcourir agr\u00e9ablement l\u2019histoire de l\u2019art jusqu\u2019au XXIe\u00a0si\u00e8cle.<\/p><\/p>\n\n<p><p style=\"font-weight: 400;\">On peut notamment y voir des \u0153uvres des plus grandes figures de l\u2019<strong>art basque\u00a0:<\/strong> Arteta, les fr\u00e8res Arrue, Losada, Guiard, Iturrino, Zuloaga, Quint\u00edn de la Torre, Juan de Echevarria, Chillida, Oteiza, Ibarrola, Gal, Herrero, Lazkano\u2026<\/p><\/p>\n\n<h2 class=\"has-text-align-center wp-block-heading\"><p style=\"font-weight: 400;\"><strong>Le Mus\u00e9e Guggenheim de Bilbao<\/strong><\/p><\/h2>\n\n<figure class=\"wp-block-image size-large\"><img decoding=\"async\" width=\"1024\" height=\"484\" src=\"https:\/\/www.bilbaodendak.eus\/wp-content\/uploads\/2022\/03\/Guggenheim-min-1024x484.png\" alt=\"\" class=\"wp-image-46244\" srcset=\"https:\/\/www.bilbaodendak.eus\/wp-content\/uploads\/2022\/03\/Guggenheim-min-1024x484.png 1024w, https:\/\/www.bilbaodendak.eus\/wp-content\/uploads\/2022\/03\/Guggenheim-min-300x142.png 300w, https:\/\/www.bilbaodendak.eus\/wp-content\/uploads\/2022\/03\/Guggenheim-min-768x363.png 768w, https:\/\/www.bilbaodendak.eus\/wp-content\/uploads\/2022\/03\/Guggenheim-min-1536x726.png 1536w, https:\/\/www.bilbaodendak.eus\/wp-content\/uploads\/2022\/03\/Guggenheim-min.png 1870w\" sizes=\"(max-width: 1024px) 100vw, 1024px\" \/><\/figure>\n\n<p>Une visite s\u2019impose pour d\u00e9couvrir les collections et l\u2019architecture de ce c\u00e9l\u00e8bre mus\u00e9e d\u2019art contemporain.<\/p>\n\n<p><p style=\"font-weight: 400;\">Inaugur\u00e9 en octobre\u00a01997, le <a href=\"https:\/\/www.guggenheim-bilbao.eus\/\" rel=\"nofollow noopener\" target=\"_blank\">Museo Guggenheim Bilbao<\/a> est le fruit d\u2019une alliance in\u00e9dite entre diff\u00e9rentes administrations basques et la Solomon R. Guggenheim Foundation. Avec une vocation internationale et un regard tr\u00e8s particulier sur le local, le mus\u00e9e Guggenheim Bilbao est une r\u00e9alisation qui <strong>a d\u00e9pass\u00e9 les attentes artistiques et culturelles les plus ambitieuses<\/strong> et contribu\u00e9 de fa\u00e7on inou\u00efe \u00e0 la r\u00e9g\u00e9n\u00e9ration urbanistique, \u00e9conomique et sociale de la ville et de son environnement.<\/p><\/p>\n\n<div class=\"wp-block-media-text alignwide is-stacked-on-mobile\"><figure class=\"wp-block-media-text__media\"><img decoding=\"async\" width=\"1024\" height=\"1008\" src=\"https:\/\/www.bilbaodendak.eus\/wp-content\/uploads\/2022\/03\/Euskal-Museoa-min-1024x1008.png\" alt=\"\" class=\"wp-image-46269 size-full\" srcset=\"https:\/\/www.bilbaodendak.eus\/wp-content\/uploads\/2022\/03\/Euskal-Museoa-min-1024x1008.png 1024w, https:\/\/www.bilbaodendak.eus\/wp-content\/uploads\/2022\/03\/Euskal-Museoa-min-300x295.png 300w, https:\/\/www.bilbaodendak.eus\/wp-content\/uploads\/2022\/03\/Euskal-Museoa-min-768x756.png 768w, https:\/\/www.bilbaodendak.eus\/wp-content\/uploads\/2022\/03\/Euskal-Museoa-min.png 1154w\" sizes=\"(max-width: 1024px) 100vw, 1024px\" \/><\/figure><div class=\"wp-block-media-text__content\">\n<h2 class=\"wp-block-heading\"><p style=\"font-weight: 400;\"><strong>Euskal\u00a0Museoa (mus\u00e9e basque)<\/strong><\/p><\/h2>\n\n\n\n<p><p style=\"font-weight: 400;\">Inaugur\u00e9 en 1921, <a href=\"https:\/\/www.euskalmuseoa.eus\/es\/\" rel=\"nofollow noopener\" target=\"_blank\">Euskal\u00a0Museoa<\/a>, le mus\u00e9e basque de Bilbao, se situe en plein c\u0153ur du quartier historique de la ville, dans les murs de l\u2019ancien Coll\u00e8ge San Andr\u00e9s de la Compagnie de J\u00e9sus. Temporairement ferm\u00e9 au public, il va \u00eatre int\u00e9gralement r\u00e9am\u00e9nag\u00e9.<\/p><\/p>\n\n\n\n<p>Ce mus\u00e9e consacr\u00e9 \u00e0 l\u2019histoire et \u00e0 l\u2019ethnographie n\u2019a pas pour autant interrompu ses activit\u00e9s. Son travail d\u2019investigation se poursuit et il s\u2019emploie \u00e0 cataloguer, documenter, conserver et restaurer ses fonds en vue de prochaines expositions.<\/p>\n\n\n\n<p><p style=\"font-weight: 400;\">Des fonds qui comprennent plus de\u00a0<strong>50\u2009000\u00a0pi\u00e8ces et 38\u2009000\u00a0photographies.<\/strong><\/p><\/p>\n<\/div><\/div>\n\n<div class=\"wp-block-media-text alignwide is-stacked-on-mobile\"><figure class=\"wp-block-media-text__media\"><img loading=\"lazy\" decoding=\"async\" width=\"799\" height=\"1024\" src=\"https:\/\/www.bilbaodendak.eus\/wp-content\/uploads\/2022\/03\/museo-de-reproducciones-min-799x1024.png\" alt=\"\" class=\"wp-image-46276 size-full\" srcset=\"https:\/\/www.bilbaodendak.eus\/wp-content\/uploads\/2022\/03\/museo-de-reproducciones-min-799x1024.png 799w, https:\/\/www.bilbaodendak.eus\/wp-content\/uploads\/2022\/03\/museo-de-reproducciones-min-234x300.png 234w, https:\/\/www.bilbaodendak.eus\/wp-content\/uploads\/2022\/03\/museo-de-reproducciones-min-768x985.png 768w, https:\/\/www.bilbaodendak.eus\/wp-content\/uploads\/2022\/03\/museo-de-reproducciones-min.png 1162w\" sizes=\"(max-width: 799px) 100vw, 799px\" \/><\/figure><div class=\"wp-block-media-text__content\">\n<h2 class=\"wp-block-heading\"><p style=\"font-weight: 400;\"><strong>Museo\u00a0de\u00a0reproducciones (mus\u00e9e des reproductions artistiques)<\/strong><\/p><\/h2>\n\n\n\n<p>Ce mus\u00e9e consacr\u00e9 aux reproductions d&#8217;\u0153uvres d\u2019art se trouve dans le quartier de San Francisco, \u00e0 Bilbao la Vieja. Il est abrit\u00e9 entre les murs de l\u2019ancienne \u00e9glise du Coraz\u00f3n de Mar\u00eda, un petit joyau n\u00e9ogothique dessin\u00e9 par l\u2019architecte bilbayen Jos\u00e9 Mar\u00eda de Basterra.<\/p>\n\n\n\n<p><p style=\"font-weight: 400;\">Sa collection se compose de <strong>reproductions exactes de chefs d&#8217;\u0153uvres.<\/strong> Il s\u2019agit des premi\u00e8res copies d&#8217;\u0153uvres originales conserv\u00e9es dans les plus grands mus\u00e9es du monde.<\/p><\/p>\n\n\n\n<p><p style=\"font-weight: 400;\">En le visitant, on peut admirer de pr\u00e8s et \u00e0 l\u2019\u00e9chelle r\u00e9elle certaines des plus c\u00e9l\u00e8bres statues de l\u2019<strong>Histoire de l\u2019Art<\/strong>\u00a0: la frise des Panath\u00e9n\u00e9es du Parth\u00e9non d\u2019Ath\u00e8nes, la V\u00e9nus de Milo, la Victoire de Samothrace, l\u2019Apollon du Belv\u00e9d\u00e8re, l\u2019Apoxyom\u00e8ne, Laocoonte et ses fils, les Esclaves et le Mo\u00efse de Michel Ange&#8230;<\/p><\/p>\n<\/div><\/div>\n\n<h2 class=\"has-text-align-center wp-block-heading\"><p style=\"font-weight: 400;\"><strong>Itsasmuseum\u00a0Bilbao<\/strong><\/p><\/h2>\n\n<figure class=\"wp-block-image size-large\"><img loading=\"lazy\" decoding=\"async\" width=\"1024\" height=\"634\" src=\"https:\/\/www.bilbaodendak.eus\/wp-content\/uploads\/2022\/03\/Itsasmuseum-min-1024x634.png\" alt=\"\" class=\"wp-image-46242\" srcset=\"https:\/\/www.bilbaodendak.eus\/wp-content\/uploads\/2022\/03\/Itsasmuseum-min-1024x634.png 1024w, https:\/\/www.bilbaodendak.eus\/wp-content\/uploads\/2022\/03\/Itsasmuseum-min-300x186.png 300w, https:\/\/www.bilbaodendak.eus\/wp-content\/uploads\/2022\/03\/Itsasmuseum-min-768x476.png 768w, https:\/\/www.bilbaodendak.eus\/wp-content\/uploads\/2022\/03\/Itsasmuseum-min-1536x951.png 1536w, https:\/\/www.bilbaodendak.eus\/wp-content\/uploads\/2022\/03\/Itsasmuseum-min.png 1828w\" sizes=\"(max-width: 1024px) 100vw, 1024px\" \/><\/figure>\n\n<p><p style=\"font-weight: 400;\">Situ\u00e9 dans l\u2019ancienne enceinte des astilleros Euskaldunas (Chantiers navals du Pays basque),\u00a0<a href=\"https:\/\/www.itsasmuseum.eus\/\" rel=\"nofollow noopener\" target=\"_blank\">Itsasmuseum<\/a> est d\u00e9di\u00e9 \u00e0 la<strong> protection et la diffusion de la culture maritime<\/strong>, et tout particuli\u00e8rement celle de la r\u00e9gion situ\u00e9e entre la ria de Bilbao et le golfe de Biscaye.<\/p><\/p>\n\n<p>L\u2019exposition permanente met en lumi\u00e8re le r\u00f4le historique du Consulat de Bilbao, cr\u00e9\u00e9 en 1511. Elle s\u2019int\u00e9resse \u00e9galement aux activit\u00e9s commerciales et industrielles du port, aux chantiers navals, au travail des charpentiers de marine, et au sauvetage en mer. Le sport et les loisirs n\u2019y sont pas oubli\u00e9s pour autant, avec les tra\u00eeni\u00e8res et le surf auquel Itsasmuseum a consacr\u00e9 un espace sp\u00e9cifique.<\/p>\n\n<div class=\"wp-block-media-text alignwide is-stacked-on-mobile\" style=\"grid-template-columns:42% auto\"><figure class=\"wp-block-media-text__media\"><img loading=\"lazy\" decoding=\"async\" width=\"650\" height=\"1024\" src=\"https:\/\/www.bilbaodendak.eus\/wp-content\/uploads\/2022\/03\/Museo-de-arte-sacro-min-650x1024.png\" alt=\"\" class=\"wp-image-46273 size-full\" srcset=\"https:\/\/www.bilbaodendak.eus\/wp-content\/uploads\/2022\/03\/Museo-de-arte-sacro-min-650x1024.png 650w, https:\/\/www.bilbaodendak.eus\/wp-content\/uploads\/2022\/03\/Museo-de-arte-sacro-min-191x300.png 191w, https:\/\/www.bilbaodendak.eus\/wp-content\/uploads\/2022\/03\/Museo-de-arte-sacro-min-768x1209.png 768w, https:\/\/www.bilbaodendak.eus\/wp-content\/uploads\/2022\/03\/Museo-de-arte-sacro-min-975x1536.png 975w, https:\/\/www.bilbaodendak.eus\/wp-content\/uploads\/2022\/03\/Museo-de-arte-sacro-min.png 1044w\" sizes=\"(max-width: 650px) 100vw, 650px\" \/><\/figure><div class=\"wp-block-media-text__content\">\n<h2 class=\"wp-block-heading\"><p style=\"font-weight: 400;\"><strong>Museo de Arte Sacro (mus\u00e9e des Arts sacr\u00e9s)<\/strong><\/p><\/h2>\n\n\n\n<p>Un lieu plein de charme dans lequel la symbiose entre peinture et sculpture cr\u00e9e un environnement particuli\u00e8rement accueillant.<\/p>\n\n\n\n<p><p style=\"font-weight: 400;\">Le <a href=\"https:\/\/eleizmuseoa.com\/\" rel=\"nofollow noopener\" target=\"_blank\">Museo de Arte Sacro de Bilbao<\/a> se trouve dans le quartier d\u2019Atxuri, entre les murs de l\u2019ancien couvent dominicain de la Encarnaci\u00f3n.<\/p><\/p>\n\n\n\n<p>Le b\u00e2timent, restaur\u00e9 avant d\u2019\u00eatre inaugur\u00e9 en 1995, a conserv\u00e9 le charme historique de l\u2019ancien couvent. L\u2019atmosph\u00e8re de paix et de tranquillit\u00e9 qui r\u00e8gne dans son tr\u00e8s beau clo\u00eetre et dans les salles soigneusement entretenues donne un charme particulier \u00e0 la visite.<\/p>\n\n\n\n<p><p style=\"font-weight: 400;\">L\u2019exposition comprend des <strong>peintures et des sculptures, anciennes et modernes, des pi\u00e8ces d\u2019orf\u00e8vrerie et des ornements religieux.<\/strong> La plupart des \u0153uvres expos\u00e9es proviennent des \u00e9glises, couvents et chapelles de Biscaye.<\/p><\/p>\n\n\n\n<p>Le mus\u00e9e sert \u00e9galement de d\u00e9cor \u00e0 un jeu d\u2019\u00e9vasion original intitul\u00e9 \u00ab La Abad\u00eda de Atxuri \u00bb (l\u2019abbaye d\u2019Atxuri).<\/p>\n<\/div><\/div>\n\n<h2 class=\"has-text-align-center wp-block-heading\"><p style=\"font-weight: 400;\"><strong>Museo\u00a0taurino (mus\u00e9e de la tauromachie)<\/strong><\/p><\/h2>\n\n<figure class=\"wp-block-image size-large\"><img loading=\"lazy\" decoding=\"async\" width=\"1024\" height=\"607\" src=\"https:\/\/www.bilbaodendak.eus\/wp-content\/uploads\/2022\/03\/Museo-taurino-min-1024x607.png\" alt=\"\" class=\"wp-image-46246\" srcset=\"https:\/\/www.bilbaodendak.eus\/wp-content\/uploads\/2022\/03\/Museo-taurino-min-1024x607.png 1024w, https:\/\/www.bilbaodendak.eus\/wp-content\/uploads\/2022\/03\/Museo-taurino-min-300x178.png 300w, https:\/\/www.bilbaodendak.eus\/wp-content\/uploads\/2022\/03\/Museo-taurino-min-768x455.png 768w, https:\/\/www.bilbaodendak.eus\/wp-content\/uploads\/2022\/03\/Museo-taurino-min-1536x911.png 1536w, https:\/\/www.bilbaodendak.eus\/wp-content\/uploads\/2022\/03\/Museo-taurino-min.png 1872w\" sizes=\"(max-width: 1024px) 100vw, 1024px\" \/><\/figure>\n\n<p>Inaugur\u00e9 en 1995, ce mus\u00e9e se trouve dans les ar\u00e8nes de Vista Alegre, dans le quartier d\u2019Ametzola.<\/p>\n\n<p>Il parcourt l\u2019histoire de la tauromachie \u00e0 l\u2019aide de textes didactiques illustr\u00e9s d\u2019une bonne centaine de photographies, de planches de Goya, d\u2019affiches originales de diff\u00e9rentes corridas, d\u2019habits de lumi\u00e8re, de livres, de maquettes des anciennes ar\u00e8nes de Bilbao, etc.<\/p>\n\n<div class=\"wp-block-media-text alignwide is-stacked-on-mobile\"><figure class=\"wp-block-media-text__media\"><img decoding=\"async\" src=\"https:\/\/www.bilbaodendak.eus\/wp-content\/uploads\/2022\/03\/Museo-arqueol\u00f3gico-min-796x1024.png\" alt=\"\" class=\"wp-image-46267 size-full\"><\/figure><div class=\"wp-block-media-text__content\">\n<h2 class=\"wp-block-heading\"><p style=\"font-weight: 400;\"><strong>Museo\u00a0arqueol\u00f3gico (mus\u00e9e arch\u00e9ologique)<\/strong><\/p><\/h2>\n\n\n\n<p><p style=\"font-weight: 400;\"><a href=\"https:\/\/www.bizkaikoa.bizkaia.eus\/detalleContenido.asp?t=1&amp;id=68\" rel=\"nofollow noopener\" target=\"_blank\">Arkeologi\u00a0Museoa<\/a>, le mus\u00e9e arch\u00e9ologique, se trouve dans le quartier historique, non loin des escaliers de Mallona, dans l\u2019enceinte de l\u2019ancienne gare de Lezama.<\/p><\/p>\n\n\n\n<p>Dans la rue Prim, un ascenseur municipal permet d\u2019acc\u00e9der au mus\u00e9e sans monter les escaliers.<\/p>\n\n\n\n<p><p style=\"font-weight: 400;\">Arkeologi\u00a0Museoa est un mus\u00e9e de la communaut\u00e9 forale qui pr\u00e9sente <strong>l\u2019histoire de la Biscaye au travers des empreintes laiss\u00e9es par ses habitants <\/strong>depuis la pr\u00e9histoire. Ses activit\u00e9s de promotion et de diffusion des connaissances li\u00e9es \u00e0 l\u2019histoire de notre territoire et aux \u00e9tudes arch\u00e9ologiques, ainsi que le d\u00e9p\u00f4t, la conservation et la restauration des mat\u00e9riels arch\u00e9ologiques ont fait de lui un \u00e9tablissement de r\u00e9f\u00e9rence et un important canal de diffusion des recherches arch\u00e9ologiques en Biscaye.<\/p><\/p>\n<\/div><\/div>\n\n<div class=\"wp-block-media-text alignwide is-stacked-on-mobile\"><figure class=\"wp-block-media-text__media\"><img loading=\"lazy\" decoding=\"async\" width=\"768\" height=\"1024\" src=\"https:\/\/www.bilbaodendak.eus\/wp-content\/uploads\/2022\/03\/Museo-de-pasos-min-768x1024.png\" alt=\"\" class=\"wp-image-46271 size-full\" srcset=\"https:\/\/www.bilbaodendak.eus\/wp-content\/uploads\/2022\/03\/Museo-de-pasos-min-768x1024.png 768w, https:\/\/www.bilbaodendak.eus\/wp-content\/uploads\/2022\/03\/Museo-de-pasos-min-225x300.png 225w, https:\/\/www.bilbaodendak.eus\/wp-content\/uploads\/2022\/03\/Museo-de-pasos-min.png 1108w\" sizes=\"(max-width: 768px) 100vw, 768px\" \/><\/figure><div class=\"wp-block-media-text__content\">\n<h2 class=\"wp-block-heading\"><p style=\"font-weight: 400;\"><strong>Museo\u00a0de\u00a0pasos (mus\u00e9e des pasos)<\/strong><\/p><\/h2>\n\n\n\n<p><p style=\"font-weight: 400;\">Le\u00a0<a href=\"http:\/\/museodepasosbilbao.com\/es\/index.html\" rel=\"nofollow noopener\" target=\"_blank\">Museo de Pasos de la Semana Santa de Bilbao<\/a>\u00a0se trouve rue Iturribide, dans le quartier historique, entre les murs d\u2019un b\u00e2timent n\u00e9oclassique du XVIIIe\u00a0si\u00e8cle.<\/p><\/p>\n\n\n\n<p><p style=\"font-weight: 400;\">On peut y voir une bonne partie des<strong> statues du Chemin de Croix <\/strong>que les membres des diff\u00e9rentes confr\u00e9ries portent en d\u00e9fil\u00e9 lors des processions de la semaine sainte avec d\u2019autres pasos conserv\u00e9s dans les \u00e9glises de Bilbao.<\/p><\/p>\n\n\n\n<p>On ne compte plus le nombre de fois o\u00f9 ces pasos ont d\u00e9fil\u00e9 dans les rues de la ville. Certains d\u2019entre eux ont \u00e9t\u00e9 cr\u00e9\u00e9s aux XVIe et XVIIe si\u00e8cles. D\u2019autres ont \u00e9t\u00e9 r\u00e9alis\u00e9s au XXe si\u00e8cle par des sculpteurs biscayens comme Quint\u00edn de la Torre ou Ricardo I\u00f1urria.<\/p>\n<\/div><\/div>\n\n<h2 class=\"has-text-align-center wp-block-heading\"><p style=\"font-weight: 400;\"><strong>Athletic\u00a0Club\u00a0Museoa (mus\u00e9e de l\u2019Athletic Club)<\/strong><\/p><\/h2>\n\n<figure class=\"wp-block-image size-large\"><img loading=\"lazy\" decoding=\"async\" width=\"1024\" height=\"579\" src=\"https:\/\/www.bilbaodendak.eus\/wp-content\/uploads\/2022\/03\/Athletic-min-1024x579.png\" alt=\"\" class=\"wp-image-46250\" srcset=\"https:\/\/www.bilbaodendak.eus\/wp-content\/uploads\/2022\/03\/Athletic-min-1024x579.png 1024w, https:\/\/www.bilbaodendak.eus\/wp-content\/uploads\/2022\/03\/Athletic-min-300x170.png 300w, https:\/\/www.bilbaodendak.eus\/wp-content\/uploads\/2022\/03\/Athletic-min-768x434.png 768w, https:\/\/www.bilbaodendak.eus\/wp-content\/uploads\/2022\/03\/Athletic-min-1536x868.png 1536w, https:\/\/www.bilbaodendak.eus\/wp-content\/uploads\/2022\/03\/Athletic-min.png 1804w\" sizes=\"(max-width: 1024px) 100vw, 1024px\" \/><\/figure>\n\n<p>Un \u00e9mouvant voyage dans l\u2019histoire d\u2019un club c\u00e9l\u00e8bre pour ses valeurs.<\/p>\n\n<p>Le mus\u00e9e se trouve \u00e0 l\u2019int\u00e9rieur du stade de San Mam\u00e9s, la Mecque du football, dans le quartier de Basurto.<\/p>\n\n<p><p style=\"font-weight: 400;\">Les portes\u00a019 et 20 du stade permettent d\u2019y acc\u00e9der en passant par la rue baptis\u00e9e Rafael Moreno en l\u2019honneur d\u2019un footballeur bilbayen de g\u00e9nie, le c\u00e9l\u00e8bre \u00ab\u00a0Pichichi\u00a0\u00bb, qui a donn\u00e9 son nom au troph\u00e9e d\u00e9cern\u00e9 aux plus grands buteurs de la Liga espagnole.<\/p><\/p>\n\n<p>En visitant le mus\u00e9e, vous approfondirez l\u2019histoire de ce club l\u00e9gendaire, fond\u00e9 en 1898, \u00e0 la philosophie sportive et aux valeurs bien connues.<\/p>\n\n<div class=\"wp-block-buttons is-layout-flex wp-block-buttons-is-layout-flex\">\n<div class=\"wp-block-button is-style-outline is-style-outline--1\"><a class=\"wp-block-button__link wp-element-button\" href=\"https:\/\/www.bilbaodendak.eus\/wp-content\/uploads\/2022\/12\/Museos_Bilbao-interac_CAST-_compressed.pdf\">Descarga aqu\u00ed la gu\u00eda completa<\/a><\/div>\n<\/div>\n","protected":false},"excerpt":{"rendered":"<p>Un petit catalogue pour explorer les 10 mus\u00e9es de la capitale de Biscaye.<\/p>\n","protected":false},"featured_media":70395,"template":"","meta":[],"destacado":[],"tipo":[811],"tematica":[1093],"class_list":["post-80808","rutas-y-planes","type-rutas-y-planes","status-publish","has-post-thumbnail","hentry","tipo-itineraires","tematica-culture-fr"],"_links":{"self":[{"href":"https:\/\/www.bilbaodendak.eus\/fr\/wp-json\/wp\/v2\/rutas-y-planes\/80808","targetHints":{"allow":["GET"]}}],"collection":[{"href":"https:\/\/www.bilbaodendak.eus\/fr\/wp-json\/wp\/v2\/rutas-y-planes"}],"about":[{"href":"https:\/\/www.bilbaodendak.eus\/fr\/wp-json\/wp\/v2\/types\/rutas-y-planes"}],"wp:featuredmedia":[{"embeddable":true,"href":"https:\/\/www.bilbaodendak.eus\/fr\/wp-json\/wp\/v2\/media\/70395"}],"wp:attachment":[{"href":"https:\/\/www.bilbaodendak.eus\/fr\/wp-json\/wp\/v2\/media?parent=80808"}],"wp:term":[{"taxonomy":"destacado","embeddable":true,"href":"https:\/\/www.bilbaodendak.eus\/fr\/wp-json\/wp\/v2\/destacado?post=80808"},{"taxonomy":"tipo","embeddable":true,"href":"https:\/\/www.bilbaodendak.eus\/fr\/wp-json\/wp\/v2\/tipo?post=80808"},{"taxonomy":"tematica","embeddable":true,"href":"https:\/\/www.bilbaodendak.eus\/fr\/wp-json\/wp\/v2\/tematica?post=80808"}],"curies":[{"name":"wp","href":"https:\/\/api.w.org\/{rel}","templated":true}]}}