{"id":80701,"date":"2024-01-13T14:42:22","date_gmt":"2024-01-13T13:42:22","guid":{"rendered":"https:\/\/www.bilbaodendak.eus\/listado-rutas-y-planes\/ruta-bilbaina-de-los-sentidos\/"},"modified":"2025-02-19T14:02:23","modified_gmt":"2025-02-19T13:02:23","slug":"litineraire-des-5-sens","status":"publish","type":"rutas-y-planes","link":"https:\/\/www.bilbaodendak.eus\/fr\/filtrado-rutas-y-planes\/litineraire-des-5-sens\/","title":{"rendered":"L\u2019itin\u00e9raire des 5\u00a0sens \u00e0 Bilbao"},"content":{"rendered":"\n<h2 class=\"wp-block-heading\" style=\"font-size:25px;font-style:normal;font-weight:700\">Nous partons faire des emplettes dans les boutiques de Bilbao o\u00f9 nous attendent de multiples saveurs&#8230;<\/h2>\n\n\n\n<h3 class=\"wp-block-heading has-medium-font-size\">Nous partons faire des achats dans les boutiques de bilbaoDendak. De multiples saveurs, ar\u00f4mes, spectacles et sensations nous y attendent.<\/h3>\n\n\n\n<p>Dans le nouveau Bilbao, qui a fait le pari de devenir une ville de loisirs et de services, une activit\u00e9 quotidienne aussi banale que faire les courses peut se transformer en une v\u00e9ritable exp\u00e9rience qui interpelle tous nos sens.<\/p>\n\n\n\n<p>Avec des \u00e9tablissements aux produits diversifi\u00e9s, originaux, souvent exclusifs&nbsp;; des boutiques traditionnelles ou des sp\u00e9cialistes des&nbsp;<strong>derni\u00e8res tendances<\/strong>&nbsp;et des offres qui s\u2019\u00e9tendent au domaine de la gastronomie, de la mode ou de la culture\u2026 la plateforme bilbaoDendak est \u00e0 elle seule un petit univers.<\/p>\n\n\n\n<p>Pour le plaisir des yeux, le mieux est encore de faire un petit tour dans les boutiques de mode. Nous vous en recommandons cinq qui ne manqueront pas de vous surprendre.<\/p>\n\n\n\n<h3 class=\"wp-block-heading has-medium-font-size\"><strong><mark style=\"background-color:rgba(0, 0, 0, 0)\" class=\"has-inline-color has-vivid-red-color\"><strong>Mode et Accessoires<\/strong><\/mark><\/strong><\/h3>\n\n\n\n<div class=\"wp-block-media-text alignwide is-stacked-on-mobile is-image-fill\"><figure class=\"wp-block-media-text__media\" style=\"background-image:url(https:\/\/www.bilbaodendak.eus\/wp-content\/uploads\/2020\/12\/2.Ambali.jpg);background-position:50% 50%\"><img fetchpriority=\"high\" decoding=\"async\" width=\"621\" height=\"473\" src=\"https:\/\/www.bilbaodendak.eus\/wp-content\/uploads\/2020\/12\/2.Ambali.jpg\" alt=\"\" class=\"wp-image-11380 size-full\" srcset=\"https:\/\/www.bilbaodendak.eus\/wp-content\/uploads\/2020\/12\/2.Ambali.jpg 621w, https:\/\/www.bilbaodendak.eus\/wp-content\/uploads\/2020\/12\/2.Ambali-300x229.jpg 300w\" sizes=\"(max-width: 621px) 100vw, 621px\" \/><\/figure><div class=\"wp-block-media-text__content\">\n<p>Nous restons dans le quartier d\u2019Indautxu avec&nbsp;<a href=\"http:\/\/ambalibilbao.com\/\" target=\"_blank\" rel=\"noreferrer noopener nofollow\">Ambali<\/a>, le r\u00eave devenu r\u00e9alit\u00e9 de trois s\u0153urs qui poss\u00e8dent une longue exp\u00e9rience dans le domaine du textile. Elles ont ouvert leur propre boutique de mode multimarque et proposent \u00e9galement \u00e0 leurs clientes des accessoires personnalis\u00e9s. Leur devise&nbsp;: la&nbsp;<strong>qualit\u00e9 des tissus<\/strong>&nbsp;et le&nbsp;<strong>soin<\/strong>&nbsp;apport\u00e9 \u00e0 la s\u00e9lection des v\u00eatements.<\/p>\n\n\n\n<p><strong><strong>Ambali. C\/ Garc\u00eda Rivero, 6.<\/strong><\/strong><\/p>\n<\/div><\/div>\n\n\n\n<div style=\"height:35px\" aria-hidden=\"true\" class=\"wp-block-spacer\"><\/div>\n\n\n\n<div class=\"wp-block-media-text alignwide is-stacked-on-mobile is-image-fill\"><figure class=\"wp-block-media-text__media\" style=\"background-image:url(https:\/\/www.bilbaodendak.eus\/wp-content\/uploads\/2020\/12\/3.Galeria-8360.jpg);background-position:50% 50%\"><img decoding=\"async\" width=\"621\" height=\"473\" src=\"https:\/\/www.bilbaodendak.eus\/wp-content\/uploads\/2020\/12\/3.Galeria-8360.jpg\" alt=\"\" class=\"wp-image-11382 size-full\" srcset=\"https:\/\/www.bilbaodendak.eus\/wp-content\/uploads\/2020\/12\/3.Galeria-8360.jpg 621w, https:\/\/www.bilbaodendak.eus\/wp-content\/uploads\/2020\/12\/3.Galeria-8360-300x229.jpg 300w\" sizes=\"(max-width: 621px) 100vw, 621px\" \/><\/figure><div class=\"wp-block-media-text__content\">\n<p>D\u2019autres enseignes ont choisi de transcender le concept traditionnel de boutique de mode en pr\u00e9sentant une offre alternative.&nbsp;<a href=\"https:\/\/galeria8360.com\/\" target=\"_blank\" rel=\"noreferrer noopener nofollow\">Galer\u00eda&nbsp;8360<\/a>&nbsp;en a fait encore plus. Leur philosophie&nbsp;: cr\u00e9er un&nbsp;<strong>espace polyvalent<\/strong>&nbsp;pour exposer diff\u00e9rents types de cr\u00e9ations artistiques touchant \u00e0 la mode, au design, \u00e0 la d\u00e9coration ou aux arts plastiques. Sans parler des concerts, pr\u00e9sentations de livres et autres \u00e9v\u00e9nements qu\u2019ils accueillent r\u00e9guli\u00e8rement.<\/p>\n\n\n\n<p><strong><strong><strong>Galer\u00eda 8360. C\/ Fern\u00e1ndez del Campo, 23 bajo.<\/strong><\/strong><\/strong><\/p>\n<\/div><\/div>\n\n\n\n<div style=\"height:50px\" aria-hidden=\"true\" class=\"wp-block-spacer\"><\/div>\n\n\n\n<div class=\"wp-block-media-text alignwide is-stacked-on-mobile is-image-fill\"><figure class=\"wp-block-media-text__media\" style=\"background-image:url(https:\/\/www.bilbaodendak.eus\/wp-content\/uploads\/2020\/12\/4.serie-b.jpg);background-position:50% 50%\"><img decoding=\"async\" width=\"636\" height=\"462\" src=\"https:\/\/www.bilbaodendak.eus\/wp-content\/uploads\/2020\/12\/4.serie-b.jpg\" alt=\"\" class=\"wp-image-11384 size-full\" srcset=\"https:\/\/www.bilbaodendak.eus\/wp-content\/uploads\/2020\/12\/4.serie-b.jpg 636w, https:\/\/www.bilbaodendak.eus\/wp-content\/uploads\/2020\/12\/4.serie-b-300x218.jpg 300w\" sizes=\"(max-width: 636px) 100vw, 636px\" \/><\/figure><div class=\"wp-block-media-text__content\">\n<p><a href=\"https:\/\/www.seriebshop.com\/\" target=\"_blank\" rel=\"noreferrer noopener nofollow\">Serie&nbsp;B<\/a>&nbsp;est, elle aussi, bien plus qu\u2019une simple boutique de v\u00eatements. En parall\u00e8le \u00e0 leur grand choix de mode homme, femme et enfants (chaussures et accessoires compris), ils accueillent \u00e9galement des concerts et des expositions et se d\u00e9finissent comme un \u00e9tablissement en constante \u00e9volution. Leur devise&nbsp;: \u00ab&nbsp;Nous vendons des v\u00eatements, nous organisons des concerts et des expositions parce que \u00e7a nous amuse&nbsp;\u00bb.<\/p>\n\n\n\n<p><strong><strong><strong><strong>Serie B. C\/ Loter\u00eda, 2.<\/strong><\/strong><\/strong><\/strong><\/p>\n<\/div><\/div>\n\n\n\n<div style=\"height:22px\" aria-hidden=\"true\" class=\"wp-block-spacer\"><\/div>\n\n\n\n<h3 class=\"wp-block-heading has-medium-font-size\"><strong><mark style=\"background-color:rgba(0, 0, 0, 0)\" class=\"has-inline-color has-vivid-red-color\">\u00c9picerie fine et produits \u00ab&nbsp;Gourmets&nbsp;\u00bb<\/mark><\/strong><\/h3>\n\n\n\n<p>Apr\u00e8s la mode, les expositions et la musique live, le moment est venu de satisfaire notre sens du go\u00fbt&nbsp;: un domaine dans lequel Bilbao jouit d\u2019une r\u00e9putation bien m\u00e9rit\u00e9e.<\/p>\n\n\n\n<div class=\"wp-block-media-text alignwide is-stacked-on-mobile is-image-fill\"><figure class=\"wp-block-media-text__media\" style=\"background-image:url(https:\/\/www.bilbaodendak.eus\/wp-content\/uploads\/2020\/12\/5.-Basquery.jpg);background-position:50% 50%\"><img loading=\"lazy\" decoding=\"async\" width=\"621\" height=\"473\" src=\"https:\/\/www.bilbaodendak.eus\/wp-content\/uploads\/2020\/12\/5.-Basquery.jpg\" alt=\"\" class=\"wp-image-11386 size-full\" srcset=\"https:\/\/www.bilbaodendak.eus\/wp-content\/uploads\/2020\/12\/5.-Basquery.jpg 621w, https:\/\/www.bilbaodendak.eus\/wp-content\/uploads\/2020\/12\/5.-Basquery-300x229.jpg 300w\" sizes=\"(max-width: 621px) 100vw, 621px\" \/><\/figure><div class=\"wp-block-media-text__content\">\n<p>Pour commencer, allons donc faire un petit tour chez&nbsp;<a href=\"http:\/\/www.basquery.com\/\" target=\"_blank\" rel=\"noreferrer noopener nofollow\">Basquery<\/a>, un concept gastronomique cosmopolite et innovant qui s\u2019inspire des \u00e9piceries traditionnelles. Ici, on trouve non seulement des produits originaux et de proximit\u00e9 (fromage, huile, p\u00e2tes, vin, l\u00e9gumes de saison&#8230;), mais aussi un four \u00e0 pain, une micro-brasserie artisanale, un bar et un restaurant.<\/p>\n\n\n\n<p><strong><strong><strong><strong><strong>Basquery. C\/ ib\u00e1\u00f1ez de Bilbao, 8.<\/strong><\/strong><\/strong><\/strong><\/strong><\/p>\n<\/div><\/div>\n\n\n\n<div style=\"height:50px\" aria-hidden=\"true\" class=\"wp-block-spacer\"><\/div>\n\n\n\n<div class=\"wp-block-media-text alignwide is-stacked-on-mobile is-image-fill\"><figure class=\"wp-block-media-text__media\" style=\"background-image:url(https:\/\/www.bilbaodendak.eus\/wp-content\/uploads\/2020\/12\/7.-Lopez-Oleaga.jpg);background-position:50% 50%\"><img loading=\"lazy\" decoding=\"async\" width=\"621\" height=\"472\" src=\"https:\/\/www.bilbaodendak.eus\/wp-content\/uploads\/2020\/12\/7.-Lopez-Oleaga.jpg\" alt=\"\" class=\"wp-image-11390 size-full\" srcset=\"https:\/\/www.bilbaodendak.eus\/wp-content\/uploads\/2020\/12\/7.-Lopez-Oleaga.jpg 621w, https:\/\/www.bilbaodendak.eus\/wp-content\/uploads\/2020\/12\/7.-Lopez-Oleaga-300x228.jpg 300w\" sizes=\"(max-width: 621px) 100vw, 621px\" \/><\/figure><div class=\"wp-block-media-text__content\">\n<p>Non loin de l\u00e0, aux abords de la plaza del Ensanche, trois grands classiques de l\u2019\u00e9picerie fine nous attendent.&nbsp;<a href=\"https:\/\/www.delicatessenlopezoleaga.es\/es\/\" target=\"_blank\" rel=\"noreferrer noopener nofollow\">L\u00f3pez&nbsp;Oleaga<\/a>&nbsp;f\u00eate cette ann\u00e9e son 120<sup>e<\/sup>&nbsp;anniversaire, sous la direction de la quatri\u00e8me g\u00e9n\u00e9ration de cette famille de commer\u00e7ants. Ils se sont sp\u00e9cialis\u00e9s dans les produits haut de gamme, avec une s\u00e9lection incomparable de vins et de liqueurs.<\/p>\n\n\n\n<p><strong><strong><strong><strong><strong><strong>Delicatessen L\u00f3pez Oleaga. C\/ Astarloa, 3.<\/strong><\/strong><\/strong><\/strong><\/strong><\/strong><\/p>\n<\/div><\/div>\n\n\n\n<div style=\"height:50px\" aria-hidden=\"true\" class=\"wp-block-spacer\"><\/div>\n\n\n\n<div class=\"wp-block-media-text alignwide is-stacked-on-mobile is-image-fill\"><figure class=\"wp-block-media-text__media\" style=\"background-image:url(https:\/\/www.bilbaodendak.eus\/wp-content\/uploads\/2020\/12\/3364-charcuteria-alemana-la-moderna-02-1024x683.jpg);background-position:50% 50%\"><img loading=\"lazy\" decoding=\"async\" width=\"1024\" height=\"683\" src=\"https:\/\/www.bilbaodendak.eus\/wp-content\/uploads\/2020\/12\/3364-charcuteria-alemana-la-moderna-02-1024x683.jpg\" alt=\"Charcuter\u00eda la Moderna de Hermann Thate, especializada en productos alemanes\" class=\"wp-image-31156 size-full\" srcset=\"https:\/\/www.bilbaodendak.eus\/wp-content\/uploads\/2020\/12\/3364-charcuteria-alemana-la-moderna-02-1024x683.jpg 1024w, https:\/\/www.bilbaodendak.eus\/wp-content\/uploads\/2020\/12\/3364-charcuteria-alemana-la-moderna-02-300x200.jpg 300w, https:\/\/www.bilbaodendak.eus\/wp-content\/uploads\/2020\/12\/3364-charcuteria-alemana-la-moderna-02-768x512.jpg 768w, https:\/\/www.bilbaodendak.eus\/wp-content\/uploads\/2020\/12\/3364-charcuteria-alemana-la-moderna-02-1536x1024.jpg 1536w, https:\/\/www.bilbaodendak.eus\/wp-content\/uploads\/2020\/12\/3364-charcuteria-alemana-la-moderna-02-2048x1365.jpg 2048w\" sizes=\"(max-width: 1024px) 100vw, 1024px\" \/><\/figure><div class=\"wp-block-media-text__content\">\n<p>Autrefois, un autre de ces \u00e9tablissements intemporels de Bilbao se trouvait juste en face. Aujourd\u2019hui, la charcuterie&nbsp;<a href=\"http:\/\/www.hermannthate.com\/moderna\" target=\"_blank\" rel=\"noreferrer noopener nofollow\">La&nbsp;Moderna-Hermann&nbsp;Thate<\/a>&nbsp;s\u2019est install\u00e9e dans le p\u00e2t\u00e9 de maisons suivant. H\u00e9riti\u00e8re d\u2019une tradition vieille de 80&nbsp;ans, la troisi\u00e8me g\u00e9n\u00e9ration de cette famille d\u2019artisans y pr\u00e9pare des saucisses et autres charcuteries allemandes typiques.<\/p>\n\n\n\n<p><strong><strong><strong><strong><strong><strong><strong>Charcuter\u00eda La Moderna &#8211; hermann thate. C\/ Col\u00f3n de Larreategui, 25 <\/strong><\/strong><\/strong><\/strong><\/strong><\/strong><\/strong><\/p>\n<\/div><\/div>\n\n\n\n<div style=\"height:50px\" aria-hidden=\"true\" class=\"wp-block-spacer\"><\/div>\n\n\n\n<div class=\"wp-block-media-text alignwide is-stacked-on-mobile is-image-fill\"><figure class=\"wp-block-media-text__media\" style=\"background-image:url(https:\/\/www.bilbaodendak.eus\/wp-content\/uploads\/2020\/12\/10.-La-OKA.jpg);background-position:50% 50%\"><img loading=\"lazy\" decoding=\"async\" width=\"621\" height=\"473\" src=\"https:\/\/www.bilbaodendak.eus\/wp-content\/uploads\/2020\/12\/10.-La-OKA.jpg\" alt=\"\" class=\"wp-image-11396 size-full\" srcset=\"https:\/\/www.bilbaodendak.eus\/wp-content\/uploads\/2020\/12\/10.-La-OKA.jpg 621w, https:\/\/www.bilbaodendak.eus\/wp-content\/uploads\/2020\/12\/10.-La-OKA-300x229.jpg 300w\" sizes=\"(max-width: 621px) 100vw, 621px\" \/><\/figure><div class=\"wp-block-media-text__content\">\n<p>Toujours dans le secteur del Ensanche,&nbsp;<a href=\"https:\/\/www.laoka.es\/\" target=\"_blank\" rel=\"noreferrer noopener nofollow\">La&nbsp;Oka<\/a>&nbsp;propose \u00e9galement des espaces diff\u00e9renci\u00e9s (\u00e9picerie gourmet, boucherie, bar gastronomique) o\u00f9 vous pouvez acheter ou d\u00e9guster une tr\u00e8s large gamme de produits frais et artisanaux dont certains sont de fabrication maison.<\/p>\n\n\n\n<p><strong><strong><strong><strong><strong><strong><strong><strong>La Oka. C\/ Col\u00f3n de Larreategui, 33.<\/strong><\/strong><\/strong><\/strong><\/strong><\/strong><\/strong><\/strong><\/p>\n<\/div><\/div>\n\n\n\n<div style=\"height:35px\" aria-hidden=\"true\" class=\"wp-block-spacer\"><\/div>\n\n\n\n<h3 class=\"wp-block-heading has-medium-font-size\"><strong><mark style=\"background-color:rgba(0, 0, 0, 0)\" class=\"has-inline-color has-vivid-red-color\"><strong>\u00c9picerie fine sp\u00e9cialis\u00e9e<\/strong><\/mark><\/strong><\/h3>\n\n\n\n<div style=\"height:25px\" aria-hidden=\"true\" class=\"wp-block-spacer\"><\/div>\n\n\n\n<div class=\"wp-block-media-text alignwide is-stacked-on-mobile is-image-fill\"><figure class=\"wp-block-media-text__media\" style=\"background-image:url(https:\/\/www.bilbaodendak.eus\/wp-content\/uploads\/2020\/12\/7191-ultramarinos-gregorio-martin-01-1024x683.jpg);background-position:50% 50%\"><img loading=\"lazy\" decoding=\"async\" width=\"1024\" height=\"683\" src=\"https:\/\/www.bilbaodendak.eus\/wp-content\/uploads\/2020\/12\/7191-ultramarinos-gregorio-martin-01-1024x683.jpg\" alt=\"\" class=\"wp-image-16635 size-full\" srcset=\"https:\/\/www.bilbaodendak.eus\/wp-content\/uploads\/2020\/12\/7191-ultramarinos-gregorio-martin-01-1024x683.jpg 1024w, https:\/\/www.bilbaodendak.eus\/wp-content\/uploads\/2020\/12\/7191-ultramarinos-gregorio-martin-01-300x200.jpg 300w, https:\/\/www.bilbaodendak.eus\/wp-content\/uploads\/2020\/12\/7191-ultramarinos-gregorio-martin-01-768x512.jpg 768w, https:\/\/www.bilbaodendak.eus\/wp-content\/uploads\/2020\/12\/7191-ultramarinos-gregorio-martin-01.jpg 1500w\" sizes=\"(max-width: 1024px) 100vw, 1024px\" \/><\/figure><div class=\"wp-block-media-text__content\">\n<p>Pour continuer avec les plaisirs de la bouche, descendons maintenant vers le quartier historique o\u00f9 nous allons d\u00e9couvrir un \u00e9tablissement qui a une longue histoire.&nbsp;<a href=\"https:\/\/www.gregoriomartin.es\/\" target=\"_blank\" rel=\"noreferrer noopener nofollow\">Ultramarinos&nbsp;Gregorio&nbsp;Mart\u00edn<\/a>&nbsp;est une maison&nbsp;<strong>fond\u00e9e vers 1931<\/strong>qui a conserv\u00e9 le charme surann\u00e9 de ces commerces d\u2019autrefois dont bien peu existent encore aujourd\u2019hui. Son enseigne en forme de morue, symbole de la Vieille Ville, est aussi un clin d&#8217;\u0153il \u00e0 la sp\u00e9cialit\u00e9 qui a fait sa r\u00e9putation.<\/p>\n\n\n\n<p><strong><strong><strong><strong><strong><strong><strong><strong><strong>Ultramarinos Gregorio Mart\u00edn. C\/ Artekale, 22.<\/strong><\/strong><\/strong><\/strong><\/strong><\/strong><\/strong><\/strong><\/strong><\/p>\n<\/div><\/div>\n\n\n\n<div style=\"height:50px\" aria-hidden=\"true\" class=\"wp-block-spacer\"><\/div>\n\n\n\n<div class=\"wp-block-media-text alignwide is-stacked-on-mobile is-image-fill\"><figure class=\"wp-block-media-text__media\" style=\"background-image:url(https:\/\/www.bilbaodendak.eus\/wp-content\/uploads\/2020\/12\/3816-ultramarinos-romana-01-1024x683.jpg);background-position:50% 50%\"><img loading=\"lazy\" decoding=\"async\" width=\"1024\" height=\"683\" src=\"https:\/\/www.bilbaodendak.eus\/wp-content\/uploads\/2020\/12\/3816-ultramarinos-romana-01-1024x683.jpg\" alt=\"\" class=\"wp-image-16119 size-full\" srcset=\"https:\/\/www.bilbaodendak.eus\/wp-content\/uploads\/2020\/12\/3816-ultramarinos-romana-01-1024x683.jpg 1024w, https:\/\/www.bilbaodendak.eus\/wp-content\/uploads\/2020\/12\/3816-ultramarinos-romana-01-300x200.jpg 300w, https:\/\/www.bilbaodendak.eus\/wp-content\/uploads\/2020\/12\/3816-ultramarinos-romana-01-768x512.jpg 768w, https:\/\/www.bilbaodendak.eus\/wp-content\/uploads\/2020\/12\/3816-ultramarinos-romana-01.jpg 1500w\" sizes=\"(max-width: 1024px) 100vw, 1024px\" \/><\/figure><div class=\"wp-block-media-text__content\">\n<p>De l\u2019autre c\u00f4t\u00e9 de la ria, Bilbao La Vieja abrite deux \u00e9tablissements qui sont devenus des r\u00e9f\u00e9rences. Ultramarinos&nbsp;Roma\u00f1a est l\u2019un de ces rares exemples de petits commerces qui existent depuis&nbsp;<strong>plus de 100&nbsp;ans<\/strong>. Il est r\u00e9put\u00e9 pour la qualit\u00e9 et la vari\u00e9t\u00e9 de ses l\u00e9gumes secs en vrac, de ses conserves de l\u00e9gumes verts et de poissons, sa vaste gamme de charcuteries, et son excellent choix de vins et de liqueurs.&nbsp;<\/p>\n\n\n\n<p><strong><strong><strong><strong><strong><strong><strong><strong><strong><strong><strong>Ultramarinos Roma\u00f1a. C\/ San Francisco, 24.<\/strong><\/strong><\/strong><\/strong><\/strong><\/strong><\/strong><\/strong><\/strong><\/strong><\/strong><\/p>\n<\/div><\/div>\n\n\n\n<div style=\"height:50px\" aria-hidden=\"true\" class=\"wp-block-spacer\"><\/div>\n\n\n\n<div class=\"wp-block-media-text alignwide is-stacked-on-mobile is-image-fill\"><figure class=\"wp-block-media-text__media\" style=\"background-image:url(https:\/\/www.bilbaodendak.eus\/wp-content\/uploads\/2020\/12\/14.Vinos-y-Licores-Ruiz.jpg);background-position:50% 50%\"><img loading=\"lazy\" decoding=\"async\" width=\"645\" height=\"456\" src=\"https:\/\/www.bilbaodendak.eus\/wp-content\/uploads\/2020\/12\/14.Vinos-y-Licores-Ruiz.jpg\" alt=\"\" class=\"wp-image-11404 size-full\" srcset=\"https:\/\/www.bilbaodendak.eus\/wp-content\/uploads\/2020\/12\/14.Vinos-y-Licores-Ruiz.jpg 645w, https:\/\/www.bilbaodendak.eus\/wp-content\/uploads\/2020\/12\/14.Vinos-y-Licores-Ruiz-300x212.jpg 300w\" sizes=\"(max-width: 645px) 100vw, 645px\" \/><\/figure><div class=\"wp-block-media-text__content\">\n<p>Vinos&nbsp;y&nbsp;Licores&nbsp;Ruiz est une maison fond\u00e9e en 1943 qui s\u2019enorgueillit de proposer plus de&nbsp;<strong>mille r\u00e9f\u00e9rences<\/strong>. C\u2019est l\u2019un des \u00e9tablissements les mieux approvisionn\u00e9s de Biscaye. Avec la connaissance des produits et l\u2019attention prodigu\u00e9e \u00e0 la client\u00e8le, c\u2019est sa marque de fabrique.<\/p>\n\n\n\n<p><strong><strong><strong><strong><strong><strong><strong><strong><strong><strong><strong><strong>Vinos y Licores Ruiz. C\/ Hernani, 8.<\/strong><\/strong><\/strong><\/strong><\/strong><\/strong><\/strong><\/strong><\/strong><\/strong><\/strong><\/strong><\/p>\n<\/div><\/div>\n\n\n\n<div style=\"height:50px\" aria-hidden=\"true\" class=\"wp-block-spacer\"><\/div>\n\n\n\n<h3 class=\"wp-block-heading has-medium-font-size\"><strong><mark style=\"background-color:rgba(0, 0, 0, 0)\" class=\"has-inline-color has-vivid-red-color\">Une exp\u00e9rience d\u2019achat personnalis\u00e9e<\/mark><\/strong><\/h3>\n\n\n\n<div style=\"height:25px\" aria-hidden=\"true\" class=\"wp-block-spacer\"><\/div>\n\n\n\n<div class=\"wp-block-media-text alignwide is-stacked-on-mobile is-image-fill\"><figure class=\"wp-block-media-text__media\" style=\"background-image:url(https:\/\/www.bilbaodendak.eus\/wp-content\/uploads\/2020\/12\/15.-Erlai.jpg);background-position:50% 50%\"><img loading=\"lazy\" decoding=\"async\" width=\"621\" height=\"471\" src=\"https:\/\/www.bilbaodendak.eus\/wp-content\/uploads\/2020\/12\/15.-Erlai.jpg\" alt=\"\" class=\"wp-image-11406 size-full\" srcset=\"https:\/\/www.bilbaodendak.eus\/wp-content\/uploads\/2020\/12\/15.-Erlai.jpg 621w, https:\/\/www.bilbaodendak.eus\/wp-content\/uploads\/2020\/12\/15.-Erlai-300x228.jpg 300w\" sizes=\"(max-width: 621px) 100vw, 621px\" \/><\/figure><div class=\"wp-block-media-text__content\">\n<p>S\u2019il est vrai qu\u2019un bon odorat est indispensable pour appr\u00e9cier les grands crus, nous allons cette fois mettre ce sens \u00e0 contribution dans un tout autre domaine. Nous revenons maintenant vers le centre-ville pour d\u00e9couvrir&nbsp;<a href=\"https:\/\/erlai.es\/\" target=\"_blank\" rel=\"noreferrer noopener nofollow\">Erlai<\/a>, une parfumerie traditionnelle qui propose des&nbsp;<strong>produits d\u2019auteur<\/strong>.&nbsp;<strong>Des parfums et des cosm\u00e9tiques exclusifs<\/strong>&nbsp;nous attendent dans ce commerce traditionnel ouvert il y a plus de quarante ans dans notre ville. Vous y recevrez une attention personnalis\u00e9e et y d\u00e9couvrirez des senteurs d\u2019avant-garde.<\/p>\n\n\n\n<p><strong><strong><strong><strong><strong><strong><strong><strong><strong><strong><strong><strong><strong>Erlai. C\/ Rodr\u00edguez Arias, 29.<\/strong><\/strong><\/strong><\/strong><\/strong><\/strong><\/strong><\/strong><\/strong><\/strong><\/strong><\/strong><\/strong><\/p>\n<\/div><\/div>\n\n\n\n<div style=\"height:50px\" aria-hidden=\"true\" class=\"wp-block-spacer\"><\/div>\n\n\n\n<div class=\"wp-block-media-text alignwide is-stacked-on-mobile is-image-fill\"><figure class=\"wp-block-media-text__media\" style=\"background-image:url(https:\/\/www.bilbaodendak.eus\/wp-content\/uploads\/2020\/12\/16.-Joker.jpg);background-position:50% 50%\"><img loading=\"lazy\" decoding=\"async\" width=\"621\" height=\"473\" src=\"https:\/\/www.bilbaodendak.eus\/wp-content\/uploads\/2020\/12\/16.-Joker.jpg\" alt=\"\" class=\"wp-image-11408 size-full\" srcset=\"https:\/\/www.bilbaodendak.eus\/wp-content\/uploads\/2020\/12\/16.-Joker.jpg 621w, https:\/\/www.bilbaodendak.eus\/wp-content\/uploads\/2020\/12\/16.-Joker-300x229.jpg 300w\" sizes=\"(max-width: 621px) 100vw, 621px\" \/><\/figure><div class=\"wp-block-media-text__content\">\n<p>Et pour terminer cet itin\u00e9raire sensoriel des commerces de la capitale biscayenne, quoi de mieux qu\u2019une invitation \u00e0 voir et \u00e0 toucher l\u2019offre d\u2019un \u00e9tablissement tr\u00e8s original sp\u00e9cialis\u00e9 dans la culture et les loisirs. La&nbsp;<a href=\"https:\/\/www.jokercomics.es\/\" target=\"_blank\" rel=\"noreferrer noopener nofollow\">Librer\u00eda&nbsp;Joker<\/a>&nbsp;est incontestablement la Mecque des&nbsp;<strong>amateurs de BD<\/strong>&nbsp;de Bilbao. Consacr\u00e9e \u00e0 l\u2019univers de ce qu\u2019on a appel\u00e9 le Neuvi\u00e8me Art, on y trouve de tout pour tous les publics, des h\u00e9ros de bandes dessin\u00e9es les plus classiques aux&nbsp;<strong>derni\u00e8res nouveaut\u00e9s<\/strong>&nbsp;des romans graphiques.<\/p>\n\n\n\n<p><strong><strong><strong><strong><strong><strong><strong><strong><strong><strong><strong><strong><strong><strong>Librer\u00eda Joker. C\/ Euskalduna, 7.<\/strong><\/strong><\/strong><\/strong><\/strong><\/strong><\/strong><\/strong><\/strong><\/strong><\/strong><\/strong><\/strong><\/strong><\/p>\n<\/div><\/div>\n","protected":false},"excerpt":{"rendered":"<p>Nous partons faire des emplettes dans les boutiques de Bilbao o\u00f9 nous attendent de multiples saveurs&#8230;<\/p>\n","protected":false},"featured_media":60396,"template":"","meta":[],"destacado":[1102],"tipo":[811],"tematica":[798,1093,797],"class_list":["post-80701","rutas-y-planes","type-rutas-y-planes","status-publish","has-post-thumbnail","hentry","destacado-destacar-en-megamenu-fr","tipo-itineraires","tematica-achats","tematica-culture-fr","tematica-gastronomique"],"_links":{"self":[{"href":"https:\/\/www.bilbaodendak.eus\/fr\/wp-json\/wp\/v2\/rutas-y-planes\/80701","targetHints":{"allow":["GET"]}}],"collection":[{"href":"https:\/\/www.bilbaodendak.eus\/fr\/wp-json\/wp\/v2\/rutas-y-planes"}],"about":[{"href":"https:\/\/www.bilbaodendak.eus\/fr\/wp-json\/wp\/v2\/types\/rutas-y-planes"}],"wp:featuredmedia":[{"embeddable":true,"href":"https:\/\/www.bilbaodendak.eus\/fr\/wp-json\/wp\/v2\/media\/60396"}],"wp:attachment":[{"href":"https:\/\/www.bilbaodendak.eus\/fr\/wp-json\/wp\/v2\/media?parent=80701"}],"wp:term":[{"taxonomy":"destacado","embeddable":true,"href":"https:\/\/www.bilbaodendak.eus\/fr\/wp-json\/wp\/v2\/destacado?post=80701"},{"taxonomy":"tipo","embeddable":true,"href":"https:\/\/www.bilbaodendak.eus\/fr\/wp-json\/wp\/v2\/tipo?post=80701"},{"taxonomy":"tematica","embeddable":true,"href":"https:\/\/www.bilbaodendak.eus\/fr\/wp-json\/wp\/v2\/tematica?post=80701"}],"curies":[{"name":"wp","href":"https:\/\/api.w.org\/{rel}","templated":true}]}}