{"id":80699,"date":"2025-07-21T09:00:20","date_gmt":"2025-07-21T07:00:20","guid":{"rendered":"https:\/\/www.bilbaodendak.eus\/listado-rutas-y-planes\/ruta-artesana\/"},"modified":"2025-07-23T13:27:58","modified_gmt":"2025-07-23T11:27:58","slug":"ruta-artesana","status":"publish","type":"rutas-y-planes","link":"https:\/\/www.bilbaodendak.eus\/fr\/filtrado-rutas-y-planes\/ruta-artesana\/","title":{"rendered":"L\u2019itin\u00e9raire de l\u2019artisanat \u00e0 Bilbao La Vieja"},"content":{"rendered":"\n<h2 class=\"wp-block-heading has-medium-font-size\" style=\"font-style:normal;font-weight:700\">Partons d\u00e9couvrir l\u2019artisanat dans un des quartiers les plus alternatifs de Bilbao.<\/h2>\n\n\n\n<p>Bilbao La Vieja est un quartier avec une vraie personnalit\u00e9 o\u00f9 l&#8217;on trouve de plus en plus d\u2019artisans sp\u00e9cialis\u00e9s qui s\u2019investissent avec m\u00e9ticulosit\u00e9 et cr\u00e9ativit\u00e9 dans des entreprises souvent cr\u00e9\u00e9e \u00e0 partir de rien.<\/p>\n\n\n\n<p>Aujourd\u2019hui, nous allons \u00e0 la rencontre de certains d\u2019entre eux dans notre nouvel itin\u00e9raire de l\u2019artisanat \u00e0 Bilbao La Vieja.<\/p>\n\n\n\n<div class=\"wp-block-media-text alignwide is-stacked-on-mobile\" style=\"grid-template-columns:44% auto\"><figure class=\"wp-block-media-text__media\"><img fetchpriority=\"high\" decoding=\"async\" width=\"1024\" height=\"683\" src=\"https:\/\/www.bilbaodendak.eus\/wp-content\/uploads\/2023\/03\/MAIUKI-5-1024x683.jpg\" alt=\"MAIUKI 5\" class=\"wp-image-108954 size-full\" srcset=\"https:\/\/www.bilbaodendak.eus\/wp-content\/uploads\/2023\/03\/MAIUKI-5-1024x683.jpg 1024w, https:\/\/www.bilbaodendak.eus\/wp-content\/uploads\/2023\/03\/MAIUKI-5-300x200.jpg 300w, https:\/\/www.bilbaodendak.eus\/wp-content\/uploads\/2023\/03\/MAIUKI-5-768x512.jpg 768w, https:\/\/www.bilbaodendak.eus\/wp-content\/uploads\/2023\/03\/MAIUKI-5-1536x1024.jpg 1536w\" sizes=\"(max-width: 1024px) 100vw, 1024px\" \/><\/figure><div class=\"wp-block-media-text__content\">\n<p class=\"has-medium-font-size\"><strong><mark style=\"background-color:rgba(0, 0, 0, 0)\" class=\"has-inline-color has-vivid-red-color\">Maiuki<\/mark><\/strong>&nbsp;<strong>(Aretxaga, 10)<\/strong>&nbsp;<\/p>\n\n\n\n<p><em>Slow fashion<\/em><em>&nbsp;maman-b\u00e9b\u00e9. La d\u00e9licatesse du tricot\u00e9 main, des v\u00eatements classiques et modernes \u00e0 la fois.<\/em><\/p>\n\n\n\n<p><a href=\"https:\/\/www.maiuki.com\/\" target=\"_blank\" rel=\"noreferrer noopener nofollow\">Maiuki<\/a>,\u00a0c\u2019est le projet personnel de Naia Mz. C\u2019est lorsqu\u2019elle attendait son premier enfant que tout a commenc\u00e9. Elle s\u2019est mise \u00e0 tricoter des v\u00eatements de b\u00e9b\u00e9 intemporels et unisexes, inspir\u00e9s de la layette classique, mais avec un esprit minimaliste et dans une gamme de couleurs plus moderne.\u00a0<\/p>\n\n\n\n<p>En 2018, elle cr\u00e9e sa premi\u00e8re collection de v\u00eatements femmes et de bijoux. Tous les v\u00eatements sont r\u00e9alis\u00e9s enti\u00e8rement \u00e0 la main et sur commande. Les commandes sont toutes personnalis\u00e9es et laissent au client une place centrale dans le processus de cr\u00e9ation.\u00a0<\/p>\n<\/div><\/div>\n\n\n\n<div class=\"wp-block-media-text alignwide is-stacked-on-mobile\" style=\"grid-template-columns:44% auto\"><figure class=\"wp-block-media-text__media\"><img decoding=\"async\" width=\"1024\" height=\"683\" src=\"https:\/\/www.bilbaodendak.eus\/wp-content\/uploads\/2020\/12\/10654-GanboaJewellery-01-1024x683.jpg\" alt=\"Taller- Tienda de Joyer\u00eda Contempor\u00e1nea\" class=\"wp-image-28731 size-full\" srcset=\"https:\/\/www.bilbaodendak.eus\/wp-content\/uploads\/2020\/12\/10654-GanboaJewellery-01-1024x683.jpg 1024w, https:\/\/www.bilbaodendak.eus\/wp-content\/uploads\/2020\/12\/10654-GanboaJewellery-01-300x200.jpg 300w, https:\/\/www.bilbaodendak.eus\/wp-content\/uploads\/2020\/12\/10654-GanboaJewellery-01-768x512.jpg 768w, https:\/\/www.bilbaodendak.eus\/wp-content\/uploads\/2020\/12\/10654-GanboaJewellery-01-1536x1025.jpg 1536w, https:\/\/www.bilbaodendak.eus\/wp-content\/uploads\/2020\/12\/10654-GanboaJewellery-01-2048x1366.jpg 2048w\" sizes=\"(max-width: 1024px) 100vw, 1024px\" \/><\/figure><div class=\"wp-block-media-text__content\">\n<p class=\"has-medium-font-size\"><strong><mark style=\"background-color:rgba(0, 0, 0, 0)\" class=\"has-inline-color has-vivid-red-color\">Ganboa Jewellery<\/mark><\/strong>&nbsp;<strong>(Aretxaga, 5)<\/strong>&nbsp;<\/p>\n\n\n\n<p>Et si vous pouviez vous procurer un bijou unique et personnalis\u00e9&nbsp;? C\u2019est le cas chez Maitena Ganboa, la styliste de&nbsp;<a href=\"http:\/\/www.ganboajewellery.com\/\" target=\"_blank\" rel=\"noreferrer noopener nofollow\">Ganboa&nbsp;Jewellery<\/a>, qui nous ouvre les portes de l\u2019atelier o\u00f9 elle cr\u00e9e ses&nbsp;<strong>pi\u00e8ces originales<\/strong>&nbsp;en s&#8217;inspirant des \u00e9l\u00e9ments de la nature.<\/p>\n\n\n\n<p>\u00c0 la fois artiste et artisane, Maitena cr\u00e9e ses pi\u00e8ces avec amour et passion dans sa propre boutique. C\u2019est un lieu accueillant o\u00f9 vous trouverez de&nbsp;<strong>petites sculptures uniques en leur genre<\/strong>, toutes diff\u00e9rentes et bourr\u00e9es de personnalit\u00e9.[<a href=\"https:\/\/youtu.be\/isTJD0R9RGM\" target=\"_blank\" rel=\"noreferrer noopener nofollow\">Ver v\u00eddeo<\/a>].<\/p>\n<\/div><\/div>\n\n\n\n<div class=\"wp-block-media-text alignwide is-stacked-on-mobile\" style=\"grid-template-columns:44% auto\"><figure class=\"wp-block-media-text__media\"><img decoding=\"async\" width=\"1024\" height=\"683\" src=\"https:\/\/www.bilbaodendak.eus\/wp-content\/uploads\/2025\/03\/3C8A2591_ok-min-1024x683.jpg\" alt=\"ALTAFLAMA\" class=\"wp-image-111996 size-full\" srcset=\"https:\/\/www.bilbaodendak.eus\/wp-content\/uploads\/2025\/03\/3C8A2591_ok-min-1024x683.jpg 1024w, https:\/\/www.bilbaodendak.eus\/wp-content\/uploads\/2025\/03\/3C8A2591_ok-min-300x200.jpg 300w, https:\/\/www.bilbaodendak.eus\/wp-content\/uploads\/2025\/03\/3C8A2591_ok-min-768x512.jpg 768w, https:\/\/www.bilbaodendak.eus\/wp-content\/uploads\/2025\/03\/3C8A2591_ok-min-1536x1024.jpg 1536w, https:\/\/www.bilbaodendak.eus\/wp-content\/uploads\/2025\/03\/3C8A2591_ok-min-2048x1365.jpg 2048w\" sizes=\"(max-width: 1024px) 100vw, 1024px\" \/><\/figure><div class=\"wp-block-media-text__content\">\n<p class=\"has-medium-font-size\"><strong><mark style=\"background-color:rgba(0, 0, 0, 0)\" class=\"has-inline-color has-vivid-red-color\">Altaflama<\/mark> (Hernani, 9)<\/strong><\/p>\n\n\n\n<p>\ud83d\udd25 <a href=\"https:\/\/altaflama.com\/\" target=\"_blank\" rel=\"noreferrer noopener nofollow\"><em>Altaflama<\/em><\/a><em>,&nbsp;ce ne sont pas seulement des bougies, ce sont des histoires qui s\u2019allument.&nbsp;<\/em><\/p>\n\n\n\n<p>Chaque bougie illustre une histoire diff\u00e9rente. Il y a les cr\u00e9atures mythologiques qui peuplent les montagnes basques, les cartes du tarot, les diff\u00e9rents signes du zodiaque&nbsp;: toutes les bougies Altaflama ont une&nbsp;<strong>personnalit\u00e9 unique<\/strong>. Les diff\u00e9rents parfums sont \u00e9labor\u00e9s avec le plus grand soin pour correspondre parfaitement \u00e0 l\u2019histoire racont\u00e9e par chaque bougie.&nbsp;<\/p>\n\n\n\n<p>Des senteurs empyreumatiques pour rendre hommage aux sorci\u00e8res br\u00fbl\u00e9es sur les b\u00fbchers de l\u2019inquisition, des ar\u00f4mes tropicaux pour le signe estival du Lion&#8230; chaque bougie est un personnage qui s\u2019adresse directement \u00e0 nos sens.<\/p>\n\n\n\n<p>Des bougies v\u00e9ganes, qu\u2019Ir\u00e8ne r\u00e9alise de fa\u00e7on artisanale avec de la cire de soja.<\/p>\n<\/div><\/div>\n\n\n\n<div class=\"wp-block-media-text alignwide is-stacked-on-mobile\" style=\"grid-template-columns:44% auto\"><figure class=\"wp-block-media-text__media\"><img loading=\"lazy\" decoding=\"async\" width=\"1024\" height=\"768\" src=\"https:\/\/www.bilbaodendak.eus\/wp-content\/uploads\/2020\/12\/R-evoluciona-bolsos-1024x768.jpeg\" alt=\"R-evoluciona bolsos\" class=\"wp-image-114634 size-full\" srcset=\"https:\/\/www.bilbaodendak.eus\/wp-content\/uploads\/2020\/12\/R-evoluciona-bolsos-1024x768.jpeg 1024w, https:\/\/www.bilbaodendak.eus\/wp-content\/uploads\/2020\/12\/R-evoluciona-bolsos-300x225.jpeg 300w, https:\/\/www.bilbaodendak.eus\/wp-content\/uploads\/2020\/12\/R-evoluciona-bolsos-768x576.jpeg 768w, https:\/\/www.bilbaodendak.eus\/wp-content\/uploads\/2020\/12\/R-evoluciona-bolsos-1536x1152.jpeg 1536w, https:\/\/www.bilbaodendak.eus\/wp-content\/uploads\/2020\/12\/R-evoluciona-bolsos-2048x1536.jpeg 2048w\" sizes=\"(max-width: 1024px) 100vw, 1024px\" \/><\/figure><div class=\"wp-block-media-text__content\">\n<p class=\"has-medium-font-size\"><strong><mark style=\"background-color:rgba(0, 0, 0, 0)\" class=\"has-inline-color has-vivid-red-color\">R-evoluciona, Taller de cuero<\/mark> (Plaza Santos Juanes, 2)<\/strong><\/p>\n\n\n\n<p><a href=\"https:\/\/www.bilbaodendak.eus\/fr\/comercios\/r-evoluciona-taller-de-cueros\/\" target=\"_blank\" rel=\"noreferrer noopener\">R-evoluciona,&nbsp;taller&nbsp;de&nbsp;cuero<\/a>, est un espace dans lequel Fernando Cabo et Ainhoa Fustel cr\u00e9ent (et enseignent la cr\u00e9ation) des&nbsp;<strong>v\u00eatements et des accessoires en cuir<\/strong>&nbsp;:&nbsp;de quoi ajouter une note \u00e9l\u00e9gante \u00e0 votre garde-robe.<\/p>\n\n\n\n<p>Cet espace est bien plus qu\u2019un atelier-boutique, c\u2019est un lieu de partage de connaissances, un lieu o\u00f9 il fait bon apprendre.<\/p>\n\n\n\n<p>On peut aussi y acheter des sacs, des ceintures, des valises, des objets d\u2019artisanat en cuir. Vous venez voir&nbsp;?<\/p>\n<\/div><\/div>\n\n\n\n<div class=\"wp-block-media-text alignwide is-stacked-on-mobile\" style=\"grid-template-columns:44% auto\"><figure class=\"wp-block-media-text__media\"><img loading=\"lazy\" decoding=\"async\" width=\"1024\" height=\"683\" src=\"https:\/\/www.bilbaodendak.eus\/wp-content\/uploads\/2020\/12\/10676-Estudio14-01-1024x683.jpg\" alt=\"Tienda de complementos hechos a mano\" class=\"wp-image-29534 size-full\" srcset=\"https:\/\/www.bilbaodendak.eus\/wp-content\/uploads\/2020\/12\/10676-Estudio14-01-1024x683.jpg 1024w, https:\/\/www.bilbaodendak.eus\/wp-content\/uploads\/2020\/12\/10676-Estudio14-01-300x200.jpg 300w, https:\/\/www.bilbaodendak.eus\/wp-content\/uploads\/2020\/12\/10676-Estudio14-01-768x512.jpg 768w, https:\/\/www.bilbaodendak.eus\/wp-content\/uploads\/2020\/12\/10676-Estudio14-01-1536x1025.jpg 1536w, https:\/\/www.bilbaodendak.eus\/wp-content\/uploads\/2020\/12\/10676-Estudio14-01-2048x1367.jpg 2048w\" sizes=\"(max-width: 1024px) 100vw, 1024px\" \/><\/figure><div class=\"wp-block-media-text__content\">\n<p class=\"has-medium-font-size\"><strong><mark style=\"background-color:rgba(0, 0, 0, 0)\" class=\"has-inline-color has-vivid-red-color\">Estudio 14<\/mark><\/strong>&nbsp;<strong>(Dos de mayo, 14)<\/strong>&nbsp;<\/p>\n\n\n\n<p><em>Boutique-atelier d\u2019artisanat multimarque. Des cr\u00e9ations r\u00e9alis\u00e9es \u00e0 la main avec amour.<\/em><\/p>\n\n\n\n<p><a href=\"https:\/\/www.instagram.com\/estudio14bilbao\/?hl=es\" target=\"_blank\" rel=\"noreferrer noopener nofollow\">Estudio&nbsp;14<\/a>,&nbsp;ce sont deux femmes&nbsp;: Janire et Karina. En passant dans la rue, on peut les voir, derri\u00e8re la vitrine, mettre la main \u00e0 toute sorte de v\u00eatements ou de collections. Leur boutique de la rue Dos de Mayo est un v\u00e9ritable \u00e9crin ouvert \u00e0 d\u2019autres cr\u00e9ateurs qui viennent y travailler ou y exposer leurs pi\u00e8ces.&nbsp;<\/p>\n\n\n\n<p>Et les clients n\u2019h\u00e9sitent pas \u00e0 venir leur demander des conseils. Peu importe la demande&#8230; elles savent tout faire. Et tout est toujours confectionn\u00e9 \u00e0 la main, avec le plus grand soin.<\/p>\n<\/div><\/div>\n\n\n\n<figure class=\"wp-block-embed is-type-video is-provider-youtube wp-block-embed-youtube wp-embed-aspect-16-9 wp-has-aspect-ratio\"><div class=\"wp-block-embed__wrapper\">\n<iframe title=\"Comercios artesanos de Bilbao La Vieja \u2728\" width=\"800\" height=\"450\" src=\"https:\/\/www.youtube.com\/embed\/LxI2bas-muQ?feature=oembed\" frameborder=\"0\" allow=\"accelerometer; autoplay; clipboard-write; encrypted-media; gyroscope; picture-in-picture; web-share\" referrerpolicy=\"strict-origin-when-cross-origin\" allowfullscreen><\/iframe>\n<\/div><\/figure>\n\n\n\n<p><\/p>\n","protected":false},"excerpt":{"rendered":"<p>Nous partons maintenant \u00e0 la d\u00e9couverte de bars qui proposent une incroyable s\u00e9lection de bi\u00e8res&#8230; et parfois leur propre production!<\/p>\n","protected":false},"featured_media":108957,"template":"","meta":[],"destacado":[1102],"tipo":[811],"tematica":[798],"class_list":["post-80699","rutas-y-planes","type-rutas-y-planes","status-publish","has-post-thumbnail","hentry","destacado-destacar-en-megamenu-fr","tipo-itineraires","tematica-achats"],"_links":{"self":[{"href":"https:\/\/www.bilbaodendak.eus\/fr\/wp-json\/wp\/v2\/rutas-y-planes\/80699","targetHints":{"allow":["GET"]}}],"collection":[{"href":"https:\/\/www.bilbaodendak.eus\/fr\/wp-json\/wp\/v2\/rutas-y-planes"}],"about":[{"href":"https:\/\/www.bilbaodendak.eus\/fr\/wp-json\/wp\/v2\/types\/rutas-y-planes"}],"wp:featuredmedia":[{"embeddable":true,"href":"https:\/\/www.bilbaodendak.eus\/fr\/wp-json\/wp\/v2\/media\/108957"}],"wp:attachment":[{"href":"https:\/\/www.bilbaodendak.eus\/fr\/wp-json\/wp\/v2\/media?parent=80699"}],"wp:term":[{"taxonomy":"destacado","embeddable":true,"href":"https:\/\/www.bilbaodendak.eus\/fr\/wp-json\/wp\/v2\/destacado?post=80699"},{"taxonomy":"tipo","embeddable":true,"href":"https:\/\/www.bilbaodendak.eus\/fr\/wp-json\/wp\/v2\/tipo?post=80699"},{"taxonomy":"tematica","embeddable":true,"href":"https:\/\/www.bilbaodendak.eus\/fr\/wp-json\/wp\/v2\/tematica?post=80699"}],"curies":[{"name":"wp","href":"https:\/\/api.w.org\/{rel}","templated":true}]}}