{"id":77840,"date":"2020-12-23T13:07:39","date_gmt":"2020-12-23T12:07:39","guid":{"rendered":"https:\/\/www.bilbaodendak.eus\/comercios\/peluqueria-jose-urrutia\/"},"modified":"2024-01-10T15:28:36","modified_gmt":"2024-01-10T14:28:36","slug":"peluqueria-jose-urrutia","status":"publish","type":"comercios","link":"https:\/\/www.bilbaodendak.eus\/fr\/comercios\/peluqueria-jose-urrutia\/","title":{"rendered":"Peluquer\u00eda Jose Urrutia"},"content":{"rendered":"\n<h2 class=\"wp-block-heading\">El mejor peluquero del mundo<\/h2>\n\n\n\n<h4 class=\"wp-block-heading\">Estilo, premios y un servicio personalizado que marca la diferencia<\/h4>\n\n\n\n<p>Jos\u00e9 Urrutia es un destacado estilista bilba\u00edno con casi 30 a\u00f1os de experiencia que ha ganado prestigiosos premios internacionales de peluquer\u00eda como los F\u00edgaro o los <em>America&#8217;s Beauty Show<\/em> de Chicago, y ha sido nominado como el Mejor Peluquero del Mundo en 2020. Pero m\u00e1s all\u00e1 de sus \u00e9xitos, desde su sal\u00f3n de Santutxu cada d\u00eda se esfuerza en ofrecer un servicio de m\u00e1xima calidad, personal, cercano y atento, con el objetivo que sus clientes consigan la imagen deseada para sentirse bien en momentos de celebraci\u00f3n o cuando desean cambiar de <em>look<\/em>. &nbsp;Su participaci\u00f3n en eventos como el BBK Live lo ha catapultado a lo m\u00e1s alto de su profesi\u00f3n, y adem\u00e1s de atender a su clientela, este estilista imparte cursos, crea colecciones y realiza trabajos para revistas de peluquer\u00eda y moda. Desde 1998<\/p>\n","protected":false},"featured_media":96106,"parent":0,"template":"","donde-aparcar":[],"etiquetas":[],"comprar":[643,639],"comer":[],"distritos":[859],"class_list":["post-77840","comercios","type-comercios","status-publish","has-post-thumbnail","hentry","comprar-coiffure-et-esthetique-fr","comprar-instituts-de-beaute","distritos-santutxu-fr"],"_links":{"self":[{"href":"https:\/\/www.bilbaodendak.eus\/fr\/wp-json\/wp\/v2\/comercios\/77840","targetHints":{"allow":["GET"]}}],"collection":[{"href":"https:\/\/www.bilbaodendak.eus\/fr\/wp-json\/wp\/v2\/comercios"}],"about":[{"href":"https:\/\/www.bilbaodendak.eus\/fr\/wp-json\/wp\/v2\/types\/comercios"}],"version-history":[{"count":0,"href":"https:\/\/www.bilbaodendak.eus\/fr\/wp-json\/wp\/v2\/comercios\/77840\/revisions"}],"wp:featuredmedia":[{"embeddable":true,"href":"https:\/\/www.bilbaodendak.eus\/fr\/wp-json\/wp\/v2\/media\/96106"}],"wp:attachment":[{"href":"https:\/\/www.bilbaodendak.eus\/fr\/wp-json\/wp\/v2\/media?parent=77840"}],"wp:term":[{"taxonomy":"donde-aparcar","embeddable":true,"href":"https:\/\/www.bilbaodendak.eus\/fr\/wp-json\/wp\/v2\/donde-aparcar?post=77840"},{"taxonomy":"etiquetas","embeddable":true,"href":"https:\/\/www.bilbaodendak.eus\/fr\/wp-json\/wp\/v2\/etiquetas?post=77840"},{"taxonomy":"comprar","embeddable":true,"href":"https:\/\/www.bilbaodendak.eus\/fr\/wp-json\/wp\/v2\/comprar?post=77840"},{"taxonomy":"comer","embeddable":true,"href":"https:\/\/www.bilbaodendak.eus\/fr\/wp-json\/wp\/v2\/comer?post=77840"},{"taxonomy":"distritos","embeddable":true,"href":"https:\/\/www.bilbaodendak.eus\/fr\/wp-json\/wp\/v2\/distritos?post=77840"}],"curies":[{"name":"wp","href":"https:\/\/api.w.org\/{rel}","templated":true}]}}