{"id":37199,"date":"2021-06-10T09:32:00","date_gmt":"2021-06-10T07:32:00","guid":{"rendered":"https:\/\/www.bilbaodendak.eus\/comercios\/reparacion-de-calzado-matia\/"},"modified":"2023-06-16T11:05:12","modified_gmt":"2023-06-16T09:05:12","slug":"reparacion-de-calzado-matia","status":"publish","type":"comercios","link":"https:\/\/www.bilbaodendak.eus\/eu\/dendak\/reparacion-de-calzado-matia\/","title":{"rendered":"Reparaci\u00f3n de Calzado Matia"},"content":{"rendered":"\n<h2 class=\"wp-block-heading\">La horma de tu zapato<\/h2>\n\n\n\n<h4 class=\"wp-block-heading\">Profesionales en el cuidado y reparaci\u00f3n del calzado y la piel<\/h4>\n\n\n\n<p>Zapateros con pedigr\u00ed. La cuarta generaci\u00f3n -de una extensa familia de artesanos dedicados a la reparaci\u00f3n y cuidado del calzado y art\u00edculos de piel- regenta este despacho en Deusto, desde la d\u00e9cada de los 80. Adem\u00e1s de cambiarte suelas y tacones, acortar punteras, de arreglarte bolsos y maletas, asesorarte sobre qu\u00e9 plantilla es la mejor para ti, est\u00e1n especializados en la confecci\u00f3n de cinturones de piel de forma artesanal. Adem\u00e1s te ofrecen la oportunidad de que seas t\u00fa el dise\u00f1ador, de hacerte el cintur\u00f3n a tu gusto por encargo. As\u00ed podr\u00e1s elegir entre una gran cantidad de vaquetillas de cuero curtidas en Palencia y Ja\u00e9n, con diferentes anchuras y colores, y multitud de hebillas de calidad para que puedas presumir de atarte un cintur\u00f3n \u00fanico.<\/p>\n\n\n\n<p>Desde 1983.<\/p>\n","protected":false},"featured_media":37189,"parent":0,"template":"","donde-aparcar":[],"etiquetas":[],"comprar":[288,54],"comer":[],"distritos":[104],"class_list":["post-37199","comercios","type-comercios","status-publish","has-post-thumbnail","hentry","comprar-konponketak","comprar-zerbitzuak","distritos-deustu"],"_links":{"self":[{"href":"https:\/\/www.bilbaodendak.eus\/eu\/wp-json\/wp\/v2\/comercios\/37199","targetHints":{"allow":["GET"]}}],"collection":[{"href":"https:\/\/www.bilbaodendak.eus\/eu\/wp-json\/wp\/v2\/comercios"}],"about":[{"href":"https:\/\/www.bilbaodendak.eus\/eu\/wp-json\/wp\/v2\/types\/comercios"}],"version-history":[{"count":0,"href":"https:\/\/www.bilbaodendak.eus\/eu\/wp-json\/wp\/v2\/comercios\/37199\/revisions"}],"wp:featuredmedia":[{"embeddable":true,"href":"https:\/\/www.bilbaodendak.eus\/eu\/wp-json\/wp\/v2\/media\/37189"}],"wp:attachment":[{"href":"https:\/\/www.bilbaodendak.eus\/eu\/wp-json\/wp\/v2\/media?parent=37199"}],"wp:term":[{"taxonomy":"donde-aparcar","embeddable":true,"href":"https:\/\/www.bilbaodendak.eus\/eu\/wp-json\/wp\/v2\/donde-aparcar?post=37199"},{"taxonomy":"etiquetas","embeddable":true,"href":"https:\/\/www.bilbaodendak.eus\/eu\/wp-json\/wp\/v2\/etiquetas?post=37199"},{"taxonomy":"comprar","embeddable":true,"href":"https:\/\/www.bilbaodendak.eus\/eu\/wp-json\/wp\/v2\/comprar?post=37199"},{"taxonomy":"comer","embeddable":true,"href":"https:\/\/www.bilbaodendak.eus\/eu\/wp-json\/wp\/v2\/comer?post=37199"},{"taxonomy":"distritos","embeddable":true,"href":"https:\/\/www.bilbaodendak.eus\/eu\/wp-json\/wp\/v2\/distritos?post=37199"}],"curies":[{"name":"wp","href":"https:\/\/api.w.org\/{rel}","templated":true}]}}