{"id":79990,"date":"2020-12-23T13:02:09","date_gmt":"2020-12-23T12:02:09","guid":{"rendered":"https:\/\/www.bilbaodendak.eus\/comercios\/alain-afflelou-deusto\/"},"modified":"2020-12-23T13:02:09","modified_gmt":"2020-12-23T12:02:09","slug":"alain-afflelou-deusto","status":"publish","type":"comercios","link":"https:\/\/www.bilbaodendak.eus\/en\/comercios\/alain-afflelou-deusto\/","title":{"rendered":"Alain Afflelou (Deusto)"},"content":{"rendered":"\n<h2 class=\"wp-block-heading\">Lo ver\u00e1s mucho m\u00e1s claro<\/h2>\n\n\n\n<h4 class=\"wp-block-heading\">Mejoramos tu visi\u00f3n, mejoramos tu vida<\/h4>\n\n\n\n<p>Si por algo se sienten orgullosos en Alain Afflelou es por el trato que ofrecen a sus clientes. Se encargan de satisfacer tus necesidades como te mereces, con todo tipo de garant\u00edas. Se preocupan por tu salud visual sin dejar de lado la est\u00e9tica. En definitiva, mejoran no solo tu visi\u00f3n, sino tambi\u00e9n tu vida.<\/p>\n\n\n\n<p>Es una \u00f3ptica de referencia situada en pleno coraz\u00f3n de Deusto donde podr\u00e1s encontrar una amplia selecci\u00f3n de art\u00edculos relacionados con la \u00f3ptica y la salud pero sin dejar de lado la moda: gafas graduadas, monturas, gafas de sol, lentillas\u2026 Adem\u00e1s, ofrecen test de salud visual y revisiones.<\/p>\n","protected":false},"featured_media":63786,"parent":0,"template":"","donde-aparcar":[],"etiquetas":[],"comprar":[740,613],"comer":[],"distritos":[843],"class_list":["post-79990","comercios","type-comercios","status-publish","has-post-thumbnail","hentry","comprar-opticians-and-hearing-centres","comprar-salud-en","distritos-deusto-en"],"_links":{"self":[{"href":"https:\/\/www.bilbaodendak.eus\/en\/wp-json\/wp\/v2\/comercios\/79990","targetHints":{"allow":["GET"]}}],"collection":[{"href":"https:\/\/www.bilbaodendak.eus\/en\/wp-json\/wp\/v2\/comercios"}],"about":[{"href":"https:\/\/www.bilbaodendak.eus\/en\/wp-json\/wp\/v2\/types\/comercios"}],"version-history":[{"count":0,"href":"https:\/\/www.bilbaodendak.eus\/en\/wp-json\/wp\/v2\/comercios\/79990\/revisions"}],"wp:featuredmedia":[{"embeddable":true,"href":"https:\/\/www.bilbaodendak.eus\/en\/wp-json\/wp\/v2\/media\/63786"}],"wp:attachment":[{"href":"https:\/\/www.bilbaodendak.eus\/en\/wp-json\/wp\/v2\/media?parent=79990"}],"wp:term":[{"taxonomy":"donde-aparcar","embeddable":true,"href":"https:\/\/www.bilbaodendak.eus\/en\/wp-json\/wp\/v2\/donde-aparcar?post=79990"},{"taxonomy":"etiquetas","embeddable":true,"href":"https:\/\/www.bilbaodendak.eus\/en\/wp-json\/wp\/v2\/etiquetas?post=79990"},{"taxonomy":"comprar","embeddable":true,"href":"https:\/\/www.bilbaodendak.eus\/en\/wp-json\/wp\/v2\/comprar?post=79990"},{"taxonomy":"comer","embeddable":true,"href":"https:\/\/www.bilbaodendak.eus\/en\/wp-json\/wp\/v2\/comer?post=79990"},{"taxonomy":"distritos","embeddable":true,"href":"https:\/\/www.bilbaodendak.eus\/en\/wp-json\/wp\/v2\/distritos?post=79990"}],"curies":[{"name":"wp","href":"https:\/\/api.w.org\/{rel}","templated":true}]}}